{"id":7788,"date":"2025-04-22T09:55:39","date_gmt":"2025-04-22T07:55:39","guid":{"rendered":"https:\/\/www.lumieredencre.fr\/?page_id=7788"},"modified":"2026-07-30T14:38:39","modified_gmt":"2026-07-30T12:38:39","slug":"poste-a-pourvoir","status":"publish","type":"page","link":"https:\/\/www.lumieredencre.fr\/en\/poste-a-pourvoir\/","title":{"rendered":"OUR SCHOOL OFFERS"},"content":{"rendered":"<div data-elementor-type=\"wp-page\" data-elementor-id=\"7788\" class=\"elementor elementor-7788\">\n\t\t\t\t<div class=\"elementor-element elementor-element-271dc49a e-flex e-con-boxed wpr-particle-no wpr-jarallax-no wpr-parallax-no wpr-sticky-section-no wpr-column-slider-no wpr-equal-height-no e-con e-parent\" data-id=\"271dc49a\" data-element_type=\"container\" data-e-type=\"container\" data-settings=\"{&quot;background_background&quot;:&quot;classic&quot;}\">\n\t\t\t\t\t<div class=\"e-con-inner\">\n\t\t\t\t<div class=\"elementor-element elementor-element-4f791375 elementor-widget elementor-widget-heading\" data-id=\"4f791375\" data-element_type=\"widget\" data-e-type=\"widget\" data-widget_type=\"heading.default\">\n\t\t\t\t\t<h2 class=\"elementor-heading-title elementor-size-default\">LUMI\u00c8RE D\u2019ENCRE EST \u00c0 LA RECHERCHE DE SON DIRECTEUR\u00b7TRICE<\/h2>\t\t\t\t<\/div>\n\t\t\t\t\t<\/div>\n\t\t\t\t<\/div>\n\t\t<div class=\"elementor-element elementor-element-4205d821 e-flex e-con-boxed wpr-particle-no wpr-jarallax-no wpr-parallax-no wpr-sticky-section-no wpr-column-slider-no wpr-equal-height-no e-con e-parent\" data-id=\"4205d821\" data-element_type=\"container\" data-e-type=\"container\" data-settings=\"{&quot;shape_divider_bottom&quot;:&quot;tilt&quot;}\">\n\t\t\t\t\t<div class=\"e-con-inner\">\n\t\t\t\t<div class=\"elementor-shape elementor-shape-bottom\" aria-hidden=\"true\" data-negative=\"false\">\n\t\t\t<svg xmlns=\"http:\/\/www.w3.org\/2000\/svg\" viewbox=\"0 0 1000 100\" preserveaspectratio=\"none\">\n\t<path class=\"elementor-shape-fill\" d=\"M0,6V0h1000v100L0,6z\"\/>\n<\/svg>\t\t<\/div>\n\t\t<div class=\"elementor-element elementor-element-11cb34d1 e-con-full e-flex wpr-particle-no wpr-jarallax-no wpr-parallax-no wpr-sticky-section-no wpr-column-slider-no wpr-equal-height-no e-con e-child\" data-id=\"11cb34d1\" data-element_type=\"container\" data-e-type=\"container\">\n\t\t\t\t<div class=\"elementor-element elementor-element-46b44722 elementor-widget elementor-widget-heading\" data-id=\"46b44722\" data-element_type=\"widget\" data-e-type=\"widget\" data-widget_type=\"heading.default\">\n\t\t\t\t\t<h2 class=\"elementor-heading-title elementor-size-default\">Date limite de d\u00e9p\u00f4t des candidatures: \n10 octobre 2026\n\n<\/h2>\t\t\t\t<\/div>\n\t\t\t\t<div class=\"elementor-element elementor-element-26810534 elementor-widget-divider--view-line elementor-widget elementor-widget-divider\" data-id=\"26810534\" data-element_type=\"widget\" data-e-type=\"widget\" data-widget_type=\"divider.default\">\n\t\t\t\t\t\t\t<div class=\"elementor-divider\">\n\t\t\t<span class=\"elementor-divider-separator\">\n\t\t\t\t\t\t<\/span>\n\t\t<\/div>\n\t\t\t\t\t\t<\/div>\n\t\t\t\t<\/div>\n\t\t<div class=\"elementor-element elementor-element-53505b01 e-con-full e-flex wpr-particle-no wpr-jarallax-no wpr-parallax-no wpr-sticky-section-no wpr-column-slider-no wpr-equal-height-no elementor-invisible e-con e-child\" data-id=\"53505b01\" data-element_type=\"container\" data-e-type=\"container\" data-settings=\"{&quot;background_background&quot;:&quot;classic&quot;,&quot;animation&quot;:&quot;fadeInDown&quot;}\">\n\t\t\t\t<div class=\"elementor-element elementor-element-51d5ce14 elementor-widget elementor-widget-heading\" data-id=\"51d5ce14\" data-element_type=\"widget\" data-e-type=\"widget\" data-widget_type=\"heading.default\">\n\t\t\t\t\t<h2 class=\"elementor-heading-title elementor-size-default\">Direction du Centre d\u2019Art et de Photographie Lumi\u00e8re d'Encre\n<\/h2>\t\t\t\t<\/div>\n\t\t\t\t<div class=\"elementor-element elementor-element-3a118027 elementor-widget elementor-widget-text-editor\" data-id=\"3a118027\" data-element_type=\"widget\" data-e-type=\"widget\" data-widget_type=\"text-editor.default\">\n\t\t\t\t\t\t\t\t\t<p>Le centre d\u2019art et de photographie Lumi\u00e8re d\u2019Encre existe depuis 18 ans. Durant toutes ces ann\u00e9es, avec le bureau de l\u2019association, son fondateur, Claude Belime, s\u2019est engag\u00e9 \u00e0 faire vivre et rayonner la photographie \u00e0 C\u00e9ret dans les Pyr\u00e9n\u00e9es Orientales.<\/p><p>C\u00e9ret, entre mer et montagne, \u00e0 la fronti\u00e8re catalane, est une petite ville de 8 000 habitants inscrite depuis le d\u00e9but du XXe si\u00e8cle dans l&rsquo;histoire de l&rsquo;art. Ville touristique r\u00e9solument tourn\u00e9e vers la culture, elle poss\u00e8de un mus\u00e9e d&rsquo;art moderne et un mus\u00e9e de la musique, en plus du Centre d&rsquo;Art et de Photographie. Ce territoire est fa\u00e7onn\u00e9 par les paysages, les femmes et les hommes qui l&rsquo;ont cultiv\u00e9 et qui le construisent. Le Centre d&rsquo;Art et de Photographie Lumi\u00e8re d&rsquo;Encre associe l&rsquo;exigence des propositions artistiques qu&rsquo;il porte et une forte proximit\u00e9 avec le territoire.<\/p><p>Soutenu par la Ville de C\u00e9ret, le D\u00e9partement des Pyr\u00e9n\u00e9es-Orientales, la R\u00e9gion Occitanie \/ Pyr\u00e9n\u00e9es-M\u00e9diterran\u00e9e et la DRAC Occitanie, membre des r\u00e9seaux Diagonal, LUX, Arts en r\u00e9sidence et du Laboratoire de M\u00e9diation en Art Contemporain, le centre d\u00e9veloppe \u00e9galement des collaborations fortes avec la Catalogne depuis de longues ann\u00e9es.<\/p><p>Avec quatre grandes expositions photographiques par an, un festival, des actions d\u2019\u00e9ducation artistique et culturelle, des cycles de conf\u00e9rences et de rencontres, ainsi que des r\u00e9sidences d\u2019artistes, le centre accueille tous les ans plus de 16 000 visiteurs et construit de nombreux partenariats avec les acteurs du territoire.<\/p><p>Son budget annuel est compris entre 150 000 \u20ac et 175 000 \u20ac.<\/p><p><strong>Lumi\u00e8re d\u2019Encre recherche celle ou celui qui saura \u00e0 la fois s\u2019inscrire dans la continuit\u00e9 de ses actions et donner un nouvel \u00e9lan au projet.<\/strong><\/p><p>Diriger un centre d\u2019art engage \u00e0 d\u00e9fendre une programmation, \u00e0 apporter une expertise artistique. Mais c\u2019est aussi assurer une multitude de missions qui font vivre ce type d\u2019institution culturelle en lien avec des publics, des partenaires, des territoires, du local \u00e0 l\u2019international. Il faut donc avant tout savoir tisser des liens pour construire \u00e0 plusieurs le projet du lieu. Dans un contexte budg\u00e9taire difficile, il faut pouvoir r\u00e9pondre aux appels \u00e0 projets et aux dossiers de financement, tout en convainquant les partenaires publics de la pertinence d\u2019un centre d\u2019art implant\u00e9 en milieu rural. C\u2019est \u00e9galement savoir communiquer, tout \u00e0 la fois aupr\u00e8s des publics, des partenaires, des \u00e9lus, ainsi qu\u2019aupr\u00e8s des membres et b\u00e9n\u00e9voles de l\u2019association, pour f\u00e9d\u00e9rer et associer le plus grand nombre \u00e0 la vie et au d\u00e9veloppement du centre.<\/p><p><strong>Pour assurer cette direction, le Centre d\u2019Art et de Photographie Lumi\u00e8re d\u2019Encre est ouvert \u00e0 toute personne ayant d\u00e9j\u00e0 un engagement professionnel dans le domaine de la photographie, une forte exp\u00e9rience dans la conduite de projets culturels et d\u00e9sireuse de nous rencontrer pour \u00e9changer davantage sur les missions du lieu. <\/strong>Nous envisageons une prise de fonction en 2027, suivie d&rsquo;un filage de six mois au cours de cette ann\u00e9e, pour un salaire annuel compris entre 30 000 \u20ac et 35 000 \u20ac.<\/p><p class=\"isSelectedEnd\"><strong>Les candidats devront transmettre:<\/strong><\/p><ul data-spread=\"false\"><li>une lettre d&rsquo;intention pr\u00e9sentant leur vision et leurs motivations ;<\/li><li>un curriculum vitae d\u00e9taill\u00e9.<\/li><\/ul><h3>Processus de s\u00e9lection<\/h3><p class=\"isSelectedEnd\">\u00c0 l&rsquo;issue de l&rsquo;examen des candidatures, une pr\u00e9s\u00e9lection de cinq candidats sera r\u00e9alis\u00e9e \u00e0 la fin du mois d&rsquo;octobre. Ces candidats seront invit\u00e9s \u00e0 un premier entretien, en visioconf\u00e9rence ou en pr\u00e9sentiel, fin<strong>\u00a0novembre 2026<\/strong>. \u00c0 l&rsquo;issue de cette premi\u00e8re phase, les candidats retenus seront invit\u00e9s \u00e0 \u00e9laborer un <strong>projet d&rsquo;\u00e9tablissement<\/strong>, \u00e0 remettre <strong>pour le 15 janvier 2027<\/strong>. Ce d\u00e9lai de deux mois tient compte de la p\u00e9riode des f\u00eates de fin d&rsquo;ann\u00e9e afin de permettre une r\u00e9flexion approfondie.<\/p><p class=\"isSelectedEnd\">Les entretiens finaux se d\u00e9rouleront en pr\u00e9sentiel entre la mi-janvier et le d\u00e9but du mois de f\u00e9vrier 2027. Le choix du ou de la future directrice sera annonc\u00e9 dans la foul\u00e9e.<\/p><h3>Prise de fonction<\/h3><p>La prise de poste est envisag\u00e9e <strong>\u00e0 partir du d\u00e9but du mois de mars 2027<\/strong>, selon les disponibilit\u00e9s du candidat retenu. Pour les personnes soumises \u00e0 un pr\u00e9avis, une prise de fonction pourra \u00eatre envisag\u00e9e jusqu&rsquo;en <strong>mai ou juin 2027<\/strong>.<\/p><p>Par mail aux adresses suivantes:\u00a0<a class=\"moz-txt-link-freetext\" href=\"mailto:direction@lumieredencre.fr\">direction@lumieredencre.fr<\/a>\u00a0et\u00a0<a class=\"moz-txt-link-freetext\" href=\"mailto:administration@lumieredencre.fr\">administration@lumieredencre.fr<\/a><\/p>\t\t\t\t\t\t\t\t<\/div>\n\t\t\t\t<\/div>\n\t\t\t\t\t<\/div>\n\t\t\t\t<\/div>\n\t\t\t\t<section class=\"elementor-section elementor-top-section elementor-element elementor-element-c77312c elementor-section-boxed elementor-section-height-default elementor-section-height-default wpr-particle-no wpr-jarallax-no wpr-parallax-no wpr-sticky-section-no wpr-column-slider-no wpr-equal-height-no\" data-id=\"c77312c\" data-element_type=\"section\" data-e-type=\"section\" data-settings=\"{&quot;background_background&quot;:&quot;classic&quot;}\">\n\t\t\t\t\t\t\t<div class=\"elementor-background-overlay\"><\/div>\n\t\t\t\t\t\t\t<div class=\"elementor-container elementor-column-gap-default\">\n\t\t\t\t\t<div class=\"elementor-column elementor-col-100 elementor-top-column elementor-element elementor-element-a52653e\" data-id=\"a52653e\" data-element_type=\"column\" data-e-type=\"column\">\n\t\t\t<div class=\"elementor-widget-wrap elementor-element-populated\">\n\t\t\t\t\t\t<div class=\"elementor-element elementor-element-7c9ad8e elementor-invisible elementor-widget elementor-widget-text-editor\" data-id=\"7c9ad8e\" data-element_type=\"widget\" data-e-type=\"widget\" data-settings=\"{&quot;_animation&quot;:&quot;bounceIn&quot;}\" data-widget_type=\"text-editor.default\">\n\t\t\t\t\t\t\t\t\t<p>For contact us<\/p>\t\t\t\t\t\t\t\t<\/div>\n\t\t\t\t\t<\/div>\n\t\t<\/div>\n\t\t\t\t\t<\/div>\n\t\t<\/section>\n\t\t<div class=\"elementor-element elementor-element-6c6ec26 e-flex e-con-boxed wpr-particle-no wpr-jarallax-no wpr-parallax-no wpr-sticky-section-no wpr-column-slider-no wpr-equal-height-no e-con e-parent\" data-id=\"6c6ec26\" data-element_type=\"container\" data-e-type=\"container\" data-settings=\"{&quot;background_background&quot;:&quot;classic&quot;}\">\n\t\t\t\t\t<div class=\"e-con-inner\">\n\t\t\t\t<div class=\"elementor-element elementor-element-acd7d31 elementor-widget elementor-widget-image\" data-id=\"acd7d31\" data-element_type=\"widget\" data-e-type=\"widget\" data-widget_type=\"image.default\">\n\t\t\t\t\t\t\t\t\t\t\t\t\t\t\t<img fetchpriority=\"high\" decoding=\"async\" width=\"1080\" height=\"132\" src=\"https:\/\/www.lumieredencre.fr\/wp-content\/uploads\/2025\/04\/footer-2.png\" class=\"attachment-full size-full wp-image-10124\" alt=\"\" srcset=\"https:\/\/www.lumieredencre.fr\/wp-content\/uploads\/2025\/04\/footer-2.png 1080w, https:\/\/www.lumieredencre.fr\/wp-content\/uploads\/2025\/04\/footer-2-300x37.png 300w, https:\/\/www.lumieredencre.fr\/wp-content\/uploads\/2025\/04\/footer-2-1024x125.png 1024w, https:\/\/www.lumieredencre.fr\/wp-content\/uploads\/2025\/04\/footer-2-768x94.png 768w, https:\/\/www.lumieredencre.fr\/wp-content\/uploads\/2025\/04\/footer-2-400x49.png 400w, https:\/\/www.lumieredencre.fr\/wp-content\/uploads\/2025\/04\/footer-2-510x62.png 510w, https:\/\/www.lumieredencre.fr\/wp-content\/uploads\/2025\/04\/footer-2-980x120.png 980w, https:\/\/www.lumieredencre.fr\/wp-content\/uploads\/2025\/04\/footer-2-480x59.png 480w\" sizes=\"(max-width: 1080px) 100vw, 1080px\" \/>\t\t\t\t\t\t\t\t\t\t\t\t\t\t\t<\/div>\n\t\t\t\t\t<\/div>\n\t\t\t\t<\/div>\n\t\t<div class=\"elementor-element elementor-element-158a8fd e-flex e-con-boxed wpr-particle-no wpr-jarallax-no wpr-parallax-no wpr-sticky-section-no wpr-column-slider-no wpr-equal-height-no e-con e-parent\" data-id=\"158a8fd\" data-element_type=\"container\" data-e-type=\"container\">\n\t\t\t\t\t<div class=\"e-con-inner\">\n\t\t<div class=\"elementor-element elementor-element-ba62d4b e-con-full e-flex wpr-particle-no wpr-jarallax-no wpr-parallax-no wpr-sticky-section-no wpr-column-slider-no wpr-equal-height-no e-con e-child\" data-id=\"ba62d4b\" data-element_type=\"container\" data-e-type=\"container\">\n\t\t\t\t<div class=\"elementor-element elementor-element-b0f29b9 elementor-widget elementor-widget-image\" data-id=\"b0f29b9\" data-element_type=\"widget\" data-e-type=\"widget\" data-widget_type=\"image.default\">\n\t\t\t\t\t\t\t\t\t\t\t\t\t\t\t\t<a href=\"https:\/\/www.lumieredencre.fr\/en\/\">\n\t\t\t\t\t\t\t<img decoding=\"async\" width=\"800\" height=\"600\" src=\"https:\/\/www.lumieredencre.fr\/wp-content\/uploads\/2025\/04\/LUMIERE-LOGO-NEW-min.jpg\" class=\"attachment-large size-large wp-image-9580\" alt=\"Centre d&#039;art et de photographie C\u00e9ret\" srcset=\"https:\/\/www.lumieredencre.fr\/wp-content\/uploads\/2025\/04\/LUMIERE-LOGO-NEW-min.jpg 800w, https:\/\/www.lumieredencre.fr\/wp-content\/uploads\/2025\/04\/LUMIERE-LOGO-NEW-min-600x450.jpg 600w, https:\/\/www.lumieredencre.fr\/wp-content\/uploads\/2025\/04\/LUMIERE-LOGO-NEW-min-300x225.jpg 300w, https:\/\/www.lumieredencre.fr\/wp-content\/uploads\/2025\/04\/LUMIERE-LOGO-NEW-min-768x576.jpg 768w, https:\/\/www.lumieredencre.fr\/wp-content\/uploads\/2025\/04\/LUMIERE-LOGO-NEW-min-333x250.jpg 333w, https:\/\/www.lumieredencre.fr\/wp-content\/uploads\/2025\/04\/LUMIERE-LOGO-NEW-min-379x284.jpg 379w, https:\/\/www.lumieredencre.fr\/wp-content\/uploads\/2025\/04\/LUMIERE-LOGO-NEW-min-510x382.jpg 510w, https:\/\/www.lumieredencre.fr\/wp-content\/uploads\/2025\/04\/LUMIERE-LOGO-NEW-min-400x300.jpg 400w, https:\/\/www.lumieredencre.fr\/wp-content\/uploads\/2025\/04\/LUMIERE-LOGO-NEW-min-735x551.jpg 735w, https:\/\/www.lumieredencre.fr\/wp-content\/uploads\/2025\/04\/LUMIERE-LOGO-NEW-min-360x270.jpg 360w\" sizes=\"(max-width: 800px) 100vw, 800px\" \/>\t\t\t\t\t\t\t\t<\/a>\n\t\t\t\t\t\t\t\t\t\t\t\t\t\t\t<\/div>\n\t\t\t\t<\/div>\n\t\t<div class=\"elementor-element elementor-element-9835626 e-con-full e-flex wpr-particle-no wpr-jarallax-no wpr-parallax-no wpr-sticky-section-no wpr-column-slider-no wpr-equal-height-no e-con e-child\" data-id=\"9835626\" data-element_type=\"container\" data-e-type=\"container\">\n\t\t\t\t<div class=\"elementor-element elementor-element-b4942a5 elementor-widget elementor-widget-heading\" data-id=\"b4942a5\" data-element_type=\"widget\" data-e-type=\"widget\" data-widget_type=\"heading.default\">\n\t\t\t\t\t<h2 class=\"elementor-heading-title elementor-size-default\">Centre d'Art et de Photographie<\/h2>\t\t\t\t<\/div>\n\t\t\t\t<div class=\"elementor-element elementor-element-4edd61b elementor-widget elementor-widget-text-editor\" data-id=\"4edd61b\" data-element_type=\"widget\" data-e-type=\"widget\" data-widget_type=\"text-editor.default\">\n\t\t\t\t\t\t\t\t\t<p>Lumi\u00e8re d&rsquo;Encre, Place Pablo Picasso, C\u00e9ret<\/p><p>04 30 82 73 30<\/p><p>contact@lumieredencre.fr<\/p>\t\t\t\t\t\t\t\t<\/div>\n\t\t\t\t<\/div>\n\t\t<div class=\"elementor-element elementor-element-4f8b7ef e-con-full e-flex wpr-particle-no wpr-jarallax-no wpr-parallax-no wpr-sticky-section-no wpr-column-slider-no wpr-equal-height-no e-con e-child\" data-id=\"4f8b7ef\" data-element_type=\"container\" data-e-type=\"container\">\n\t\t\t\t<div class=\"elementor-element elementor-element-28b9591 elementor-widget elementor-widget-heading\" data-id=\"28b9591\" data-element_type=\"widget\" data-e-type=\"widget\" data-widget_type=\"heading.default\">\n\t\t\t\t\t<h2 class=\"elementor-heading-title elementor-size-default\">About<\/h2>\t\t\t\t<\/div>\n\t\t\t\t<div class=\"elementor-element elementor-element-e0bd5d0 elementor-widget elementor-widget-text-editor\" data-id=\"e0bd5d0\" data-element_type=\"widget\" data-e-type=\"widget\" data-widget_type=\"text-editor.default\">\n\t\t\t\t\t\t\t\t\t<p><a href=\"https:\/\/www.lumieredencre.fr\/en\/adherez-a-lumiere-dencre\/\">Adh\u00e9rez \u00e0 Lumi\u00e8re d&rsquo;Encre<\/a><\/p><p><a href=\"https:\/\/www.lumieredencre.fr\/en\/poste-a-pourvoir\/\">Our school offers<\/a><\/p>\t\t\t\t\t\t\t\t<\/div>\n\t\t\t\t<\/div>\n\t\t\t\t\t<\/div>\n\t\t\t\t<\/div>\n\t\t\t\t<\/div>","protected":false},"excerpt":{"rendered":"<p>LUMI\u00c8RE D\u2019ENCRE EST \u00c0 LA RECHERCHE DE SON DIRECTEUR\u00b7TRICE Date limite de d\u00e9p\u00f4t des candidatures: 10 octobre 2026 Direction du Centre d\u2019Art et de Photographie Lumi\u00e8re d&rsquo;Encre Le centre d\u2019art et de photographie Lumi\u00e8re d\u2019Encre existe depuis 18 ans. Durant toutes ces ann\u00e9es, avec le bureau de l\u2019association, son fondateur, Claude Belime, s\u2019est engag\u00e9 \u00e0 faire vivre et rayonner la photographie \u00e0 C\u00e9ret dans les Pyr\u00e9n\u00e9es Orientales. C\u00e9ret, entre mer et montagne, \u00e0 la fronti\u00e8re catalane, est une petite ville de 8 000 habitants inscrite depuis le d\u00e9but du XXe si\u00e8cle dans l&rsquo;histoire de l&rsquo;art. Ville touristique r\u00e9solument tourn\u00e9e vers la culture, elle poss\u00e8de un mus\u00e9e d&rsquo;art moderne et un mus\u00e9e de la musique, en plus du Centre d&rsquo;Art et de Photographie. Ce territoire est fa\u00e7onn\u00e9 par les paysages, les femmes et les hommes qui l&rsquo;ont cultiv\u00e9 et qui le construisent. Le Centre d&rsquo;Art et de Photographie Lumi\u00e8re d&rsquo;Encre associe l&rsquo;exigence des propositions artistiques qu&rsquo;il porte et une forte proximit\u00e9 avec le territoire. Soutenu par la Ville de C\u00e9ret, le D\u00e9partement des Pyr\u00e9n\u00e9es-Orientales, la R\u00e9gion Occitanie \/ Pyr\u00e9n\u00e9es-M\u00e9diterran\u00e9e et la DRAC Occitanie, membre des r\u00e9seaux Diagonal, LUX, Arts en r\u00e9sidence et du Laboratoire de M\u00e9diation en Art Contemporain, le centre d\u00e9veloppe \u00e9galement des collaborations fortes avec la Catalogne depuis de longues ann\u00e9es. Avec quatre grandes expositions photographiques par an, un festival, des actions d\u2019\u00e9ducation artistique et culturelle, des cycles de conf\u00e9rences et de rencontres, ainsi que des r\u00e9sidences d\u2019artistes, le centre accueille tous les ans plus de 16 000 visiteurs et construit de nombreux partenariats avec les acteurs du territoire. Son budget annuel est compris entre 150 000 \u20ac et 175 000 \u20ac. Lumi\u00e8re d\u2019Encre recherche celle ou celui qui saura \u00e0 la fois s\u2019inscrire dans la continuit\u00e9 de ses actions et donner un nouvel \u00e9lan au projet. Diriger un centre d\u2019art engage \u00e0 d\u00e9fendre une programmation, \u00e0 apporter une expertise artistique. Mais c\u2019est aussi assurer une multitude de missions qui font vivre ce type d\u2019institution culturelle en lien avec des publics, des partenaires, des territoires, du local \u00e0 l\u2019international. Il faut donc avant tout savoir tisser des liens pour construire \u00e0 plusieurs le projet du lieu. Dans un contexte budg\u00e9taire difficile, il faut pouvoir r\u00e9pondre aux appels \u00e0 projets et aux dossiers de financement, tout en convainquant les partenaires publics de la pertinence d\u2019un centre d\u2019art implant\u00e9 en milieu rural. C\u2019est \u00e9galement savoir communiquer, tout \u00e0 la fois aupr\u00e8s des publics, des partenaires, des \u00e9lus, ainsi qu\u2019aupr\u00e8s des membres et b\u00e9n\u00e9voles de l\u2019association, pour f\u00e9d\u00e9rer et associer le plus grand nombre \u00e0 la vie et au d\u00e9veloppement du centre. Pour assurer cette direction, le Centre d\u2019Art et de Photographie Lumi\u00e8re d\u2019Encre est ouvert \u00e0 toute personne ayant d\u00e9j\u00e0 un engagement professionnel dans le domaine de la photographie, une forte exp\u00e9rience dans la conduite de projets culturels et d\u00e9sireuse de nous rencontrer pour \u00e9changer davantage sur les missions du lieu. Nous envisageons une prise de fonction en 2027, suivie d&rsquo;un filage de six mois au cours de cette ann\u00e9e, pour un salaire annuel compris entre 30 000 \u20ac et 35 000 \u20ac. Les candidats devront transmettre: une lettre d&rsquo;intention pr\u00e9sentant leur vision et leurs motivations ; un curriculum vitae d\u00e9taill\u00e9. Processus de s\u00e9lection \u00c0 l&rsquo;issue de l&rsquo;examen des candidatures, une pr\u00e9s\u00e9lection de cinq candidats sera r\u00e9alis\u00e9e \u00e0 la fin du mois d&rsquo;octobre. Ces candidats seront invit\u00e9s \u00e0 un premier entretien, en visioconf\u00e9rence ou en pr\u00e9sentiel, fin\u00a0novembre 2026. \u00c0 l&rsquo;issue de cette premi\u00e8re phase, les candidats retenus seront invit\u00e9s \u00e0 \u00e9laborer un projet d&rsquo;\u00e9tablissement, \u00e0 remettre pour le 15 janvier 2027. Ce d\u00e9lai de deux mois tient compte de la p\u00e9riode des f\u00eates de fin d&rsquo;ann\u00e9e afin de permettre une r\u00e9flexion approfondie. Les entretiens finaux se d\u00e9rouleront en pr\u00e9sentiel entre la mi-janvier et le d\u00e9but du mois de f\u00e9vrier 2027. Le choix du ou de la future directrice sera annonc\u00e9 dans la foul\u00e9e. Prise de fonction La prise de poste est envisag\u00e9e \u00e0 partir du d\u00e9but du mois de mars 2027, selon les disponibilit\u00e9s du candidat retenu. Pour les personnes soumises \u00e0 un pr\u00e9avis, une prise de fonction pourra \u00eatre envisag\u00e9e jusqu&rsquo;en mai ou juin 2027. Par mail aux adresses suivantes:\u00a0direction@lumieredencre.fr\u00a0et\u00a0administration@lumieredencre.fr Pour nous contacter Centre d&rsquo;Art et de Photographie Lumi\u00e8re d&rsquo;Encre, Place Pablo Picasso, C\u00e9ret 04 30 82 73 30 contact@lumieredencre.fr \u00c0 propos Adh\u00e9rez \u00e0 Lumi\u00e8re d&rsquo;Encre Poste \u00e0 Pourvoir<\/p>","protected":false},"author":1,"featured_media":0,"parent":0,"menu_order":0,"comment_status":"closed","ping_status":"closed","template":"","meta":{"site-sidebar-layout":"no-sidebar","site-content-layout":"","ast-site-content-layout":"full-width-container","site-content-style":"default","site-sidebar-style":"default","ast-global-header-display":"","ast-banner-title-visibility":"","ast-main-header-display":"","ast-hfb-above-header-display":"","ast-hfb-below-header-display":"","ast-hfb-mobile-header-display":"","site-post-title":"disabled","ast-breadcrumbs-content":"","ast-featured-img":"disabled","footer-sml-layout":"","ast-disable-related-posts":"","theme-transparent-header-meta":"","adv-header-id-meta":"","stick-header-meta":"","header-above-stick-meta":"","header-main-stick-meta":"","header-below-stick-meta":"","astra-migrate-meta-layouts":"default","ast-page-background-enabled":"default","ast-page-background-meta":{"desktop":{"background-color":"var(--ast-global-color-5)","background-image":"","background-repeat":"repeat","background-position":"center center","background-size":"auto","background-attachment":"scroll","background-type":"","background-media":"","overlay-type":"","overlay-color":"","overlay-opacity":"","overlay-gradient":""},"tablet":{"background-color":"","background-image":"","background-repeat":"repeat","background-position":"center center","background-size":"auto","background-attachment":"scroll","background-type":"","background-media":"","overlay-type":"","overlay-color":"","overlay-opacity":"","overlay-gradient":""},"mobile":{"background-color":"","background-image":"","background-repeat":"repeat","background-position":"center center","background-size":"auto","background-attachment":"scroll","background-type":"","background-media":"","overlay-type":"","overlay-color":"","overlay-opacity":"","overlay-gradient":""}},"ast-content-background-meta":{"desktop":{"background-color":"var(--ast-global-color-4)","background-image":"","background-repeat":"repeat","background-position":"center center","background-size":"auto","background-attachment":"scroll","background-type":"","background-media":"","overlay-type":"","overlay-color":"","overlay-opacity":"","overlay-gradient":""},"tablet":{"background-color":"var(--ast-global-color-4)","background-image":"","background-repeat":"repeat","background-position":"center center","background-size":"auto","background-attachment":"scroll","background-type":"","background-media":"","overlay-type":"","overlay-color":"","overlay-opacity":"","overlay-gradient":""},"mobile":{"background-color":"var(--ast-global-color-4)","background-image":"","background-repeat":"repeat","background-position":"center center","background-size":"auto","background-attachment":"scroll","background-type":"","background-media":"","overlay-type":"","overlay-color":"","overlay-opacity":"","overlay-gradient":""}},"footnotes":""},"class_list":["post-7788","page","type-page","status-publish","hentry"],"yoast_head":"<!-- This site is optimized with the Yoast SEO plugin v28.3 - https:\/\/yoast.com\/product\/yoast-seo-wordpress\/ -->\n<title>Poste \u00e0 pourvoir -<\/title>\n<meta name=\"robots\" content=\"index, follow, max-snippet:-1, max-image-preview:large, max-video-preview:-1\" \/>\n<link rel=\"canonical\" href=\"https:\/\/www.lumieredencre.fr\/en\/poste-a-pourvoir\/\" \/>\n<meta property=\"og:locale\" content=\"en_GB\" \/>\n<meta property=\"og:type\" content=\"article\" \/>\n<meta property=\"og:title\" content=\"Poste \u00e0 pourvoir -\" \/>\n<meta property=\"og:description\" content=\"LUMI\u00c8RE D\u2019ENCRE EST \u00c0 LA RECHERCHE DE SON DIRECTEUR\u00b7TRICE Date limite de d\u00e9p\u00f4t des candidatures: 10 octobre 2026 Direction du Centre d\u2019Art et de Photographie Lumi\u00e8re d&rsquo;Encre Le centre d\u2019art et de photographie Lumi\u00e8re d\u2019Encre existe depuis 18 ans. Durant toutes ces ann\u00e9es, avec le bureau de l\u2019association, son fondateur, Claude Belime, s\u2019est engag\u00e9 \u00e0 faire vivre et rayonner la photographie \u00e0 C\u00e9ret dans les Pyr\u00e9n\u00e9es Orientales. C\u00e9ret, entre mer et montagne, \u00e0 la fronti\u00e8re catalane, est une petite ville de 8 000 habitants inscrite depuis le d\u00e9but du XXe si\u00e8cle dans l&rsquo;histoire de l&rsquo;art. Ville touristique r\u00e9solument tourn\u00e9e vers la culture, elle poss\u00e8de un mus\u00e9e d&rsquo;art moderne et un mus\u00e9e de la musique, en plus du Centre d&rsquo;Art et de Photographie. Ce territoire est fa\u00e7onn\u00e9 par les paysages, les femmes et les hommes qui l&rsquo;ont cultiv\u00e9 et qui le construisent. Le Centre d&rsquo;Art et de Photographie Lumi\u00e8re d&rsquo;Encre associe l&rsquo;exigence des propositions artistiques qu&rsquo;il porte et une forte proximit\u00e9 avec le territoire. Soutenu par la Ville de C\u00e9ret, le D\u00e9partement des Pyr\u00e9n\u00e9es-Orientales, la R\u00e9gion Occitanie \/ Pyr\u00e9n\u00e9es-M\u00e9diterran\u00e9e et la DRAC Occitanie, membre des r\u00e9seaux Diagonal, LUX, Arts en r\u00e9sidence et du Laboratoire de M\u00e9diation en Art Contemporain, le centre d\u00e9veloppe \u00e9galement des collaborations fortes avec la Catalogne depuis de longues ann\u00e9es. Avec quatre grandes expositions photographiques par an, un festival, des actions d\u2019\u00e9ducation artistique et culturelle, des cycles de conf\u00e9rences et de rencontres, ainsi que des r\u00e9sidences d\u2019artistes, le centre accueille tous les ans plus de 16 000 visiteurs et construit de nombreux partenariats avec les acteurs du territoire. Son budget annuel est compris entre 150 000 \u20ac et 175 000 \u20ac. Lumi\u00e8re d\u2019Encre recherche celle ou celui qui saura \u00e0 la fois s\u2019inscrire dans la continuit\u00e9 de ses actions et donner un nouvel \u00e9lan au projet. Diriger un centre d\u2019art engage \u00e0 d\u00e9fendre une programmation, \u00e0 apporter une expertise artistique. Mais c\u2019est aussi assurer une multitude de missions qui font vivre ce type d\u2019institution culturelle en lien avec des publics, des partenaires, des territoires, du local \u00e0 l\u2019international. Il faut donc avant tout savoir tisser des liens pour construire \u00e0 plusieurs le projet du lieu. Dans un contexte budg\u00e9taire difficile, il faut pouvoir r\u00e9pondre aux appels \u00e0 projets et aux dossiers de financement, tout en convainquant les partenaires publics de la pertinence d\u2019un centre d\u2019art implant\u00e9 en milieu rural. C\u2019est \u00e9galement savoir communiquer, tout \u00e0 la fois aupr\u00e8s des publics, des partenaires, des \u00e9lus, ainsi qu\u2019aupr\u00e8s des membres et b\u00e9n\u00e9voles de l\u2019association, pour f\u00e9d\u00e9rer et associer le plus grand nombre \u00e0 la vie et au d\u00e9veloppement du centre. Pour assurer cette direction, le Centre d\u2019Art et de Photographie Lumi\u00e8re d\u2019Encre est ouvert \u00e0 toute personne ayant d\u00e9j\u00e0 un engagement professionnel dans le domaine de la photographie, une forte exp\u00e9rience dans la conduite de projets culturels et d\u00e9sireuse de nous rencontrer pour \u00e9changer davantage sur les missions du lieu. Nous envisageons une prise de fonction en 2027, suivie d&rsquo;un filage de six mois au cours de cette ann\u00e9e, pour un salaire annuel compris entre 30 000 \u20ac et 35 000 \u20ac. Les candidats devront transmettre: une lettre d&rsquo;intention pr\u00e9sentant leur vision et leurs motivations ; un curriculum vitae d\u00e9taill\u00e9. Processus de s\u00e9lection \u00c0 l&rsquo;issue de l&rsquo;examen des candidatures, une pr\u00e9s\u00e9lection de cinq candidats sera r\u00e9alis\u00e9e \u00e0 la fin du mois d&rsquo;octobre. Ces candidats seront invit\u00e9s \u00e0 un premier entretien, en visioconf\u00e9rence ou en pr\u00e9sentiel, fin\u00a0novembre 2026. \u00c0 l&rsquo;issue de cette premi\u00e8re phase, les candidats retenus seront invit\u00e9s \u00e0 \u00e9laborer un projet d&rsquo;\u00e9tablissement, \u00e0 remettre pour le 15 janvier 2027. Ce d\u00e9lai de deux mois tient compte de la p\u00e9riode des f\u00eates de fin d&rsquo;ann\u00e9e afin de permettre une r\u00e9flexion approfondie. Les entretiens finaux se d\u00e9rouleront en pr\u00e9sentiel entre la mi-janvier et le d\u00e9but du mois de f\u00e9vrier 2027. Le choix du ou de la future directrice sera annonc\u00e9 dans la foul\u00e9e. Prise de fonction La prise de poste est envisag\u00e9e \u00e0 partir du d\u00e9but du mois de mars 2027, selon les disponibilit\u00e9s du candidat retenu. Pour les personnes soumises \u00e0 un pr\u00e9avis, une prise de fonction pourra \u00eatre envisag\u00e9e jusqu&rsquo;en mai ou juin 2027. Par mail aux adresses suivantes:\u00a0direction@lumieredencre.fr\u00a0et\u00a0administration@lumieredencre.fr Pour nous contacter Centre d&rsquo;Art et de Photographie Lumi\u00e8re d&rsquo;Encre, Place Pablo Picasso, C\u00e9ret 04 30 82 73 30 contact@lumieredencre.fr \u00c0 propos Adh\u00e9rez \u00e0 Lumi\u00e8re d&rsquo;Encre Poste \u00e0 Pourvoir\" \/>\n<meta property=\"og:url\" content=\"https:\/\/www.lumieredencre.fr\/en\/poste-a-pourvoir\/\" \/>\n<meta property=\"article:publisher\" content=\"https:\/\/fr-fr.facebook.com\/LumieredEncre\" \/>\n<meta property=\"article:modified_time\" content=\"2026-07-30T12:38:39+00:00\" \/>\n<meta property=\"og:image\" content=\"https:\/\/www.lumieredencre.fr\/wp-content\/uploads\/2025\/04\/footer-2.png\" \/>\n\t<meta property=\"og:image:width\" content=\"1080\" \/>\n\t<meta property=\"og:image:height\" content=\"132\" \/>\n\t<meta property=\"og:image:type\" content=\"image\/png\" \/>\n<meta name=\"twitter:card\" content=\"summary_large_image\" \/>\n<meta name=\"twitter:site\" content=\"@lumieredencre\" \/>\n<meta name=\"twitter:label1\" content=\"Estimated reading time\" \/>\n\t<meta name=\"twitter:data1\" content=\"4 minutes\" \/>\n<script type=\"application\/ld+json\" class=\"yoast-schema-graph\">{\"@context\":\"https:\\\/\\\/schema.org\",\"@graph\":[{\"@type\":\"WebPage\",\"@id\":\"https:\\\/\\\/www.lumieredencre.fr\\\/poste-a-pourvoir\\\/\",\"url\":\"https:\\\/\\\/www.lumieredencre.fr\\\/poste-a-pourvoir\\\/\",\"name\":\"Poste \u00e0 pourvoir -\",\"isPartOf\":{\"@id\":\"https:\\\/\\\/www.lumieredencre.fr\\\/#website\"},\"primaryImageOfPage\":{\"@id\":\"https:\\\/\\\/www.lumieredencre.fr\\\/poste-a-pourvoir\\\/#primaryimage\"},\"image\":{\"@id\":\"https:\\\/\\\/www.lumieredencre.fr\\\/poste-a-pourvoir\\\/#primaryimage\"},\"thumbnailUrl\":\"https:\\\/\\\/www.lumieredencre.fr\\\/wp-content\\\/uploads\\\/2025\\\/04\\\/footer-2.png\",\"datePublished\":\"2025-04-22T07:55:39+00:00\",\"dateModified\":\"2026-07-30T12:38:39+00:00\",\"breadcrumb\":{\"@id\":\"https:\\\/\\\/www.lumieredencre.fr\\\/poste-a-pourvoir\\\/#breadcrumb\"},\"inLanguage\":\"en-GB\",\"potentialAction\":[{\"@type\":\"ReadAction\",\"target\":[\"https:\\\/\\\/www.lumieredencre.fr\\\/poste-a-pourvoir\\\/\"]}]},{\"@type\":\"ImageObject\",\"inLanguage\":\"en-GB\",\"@id\":\"https:\\\/\\\/www.lumieredencre.fr\\\/poste-a-pourvoir\\\/#primaryimage\",\"url\":\"https:\\\/\\\/www.lumieredencre.fr\\\/wp-content\\\/uploads\\\/2025\\\/04\\\/footer-2.png\",\"contentUrl\":\"https:\\\/\\\/www.lumieredencre.fr\\\/wp-content\\\/uploads\\\/2025\\\/04\\\/footer-2.png\"},{\"@type\":\"BreadcrumbList\",\"@id\":\"https:\\\/\\\/www.lumieredencre.fr\\\/poste-a-pourvoir\\\/#breadcrumb\",\"itemListElement\":[{\"@type\":\"ListItem\",\"position\":1,\"name\":\"Accueil\",\"item\":\"https:\\\/\\\/www.lumieredencre.fr\\\/\"},{\"@type\":\"ListItem\",\"position\":2,\"name\":\"Poste \u00e0 pourvoir\"}]},{\"@type\":\"WebSite\",\"@id\":\"https:\\\/\\\/www.lumieredencre.fr\\\/#website\",\"url\":\"https:\\\/\\\/www.lumieredencre.fr\\\/\",\"name\":\"Lumi\u00e8re d Encre\",\"description\":\"\",\"publisher\":{\"@id\":\"https:\\\/\\\/www.lumieredencre.fr\\\/#organization\"},\"potentialAction\":[{\"@type\":\"SearchAction\",\"target\":{\"@type\":\"EntryPoint\",\"urlTemplate\":\"https:\\\/\\\/www.lumieredencre.fr\\\/?s={search_term_string}\"},\"query-input\":{\"@type\":\"PropertyValueSpecification\",\"valueRequired\":true,\"valueName\":\"search_term_string\"}}],\"inLanguage\":\"en-GB\"},{\"@type\":\"Organization\",\"@id\":\"https:\\\/\\\/www.lumieredencre.fr\\\/#organization\",\"name\":\"Lumi\u00e8re d'Encre\",\"url\":\"https:\\\/\\\/www.lumieredencre.fr\\\/\",\"logo\":{\"@type\":\"ImageObject\",\"inLanguage\":\"en-GB\",\"@id\":\"https:\\\/\\\/www.lumieredencre.fr\\\/#\\\/schema\\\/logo\\\/image\\\/\",\"url\":\"https:\\\/\\\/www.lumieredencre.fr\\\/wp-content\\\/uploads\\\/2020\\\/07\\\/Logo-LE-3820px-en-300dpi-Gris--scaled.jpg\",\"contentUrl\":\"https:\\\/\\\/www.lumieredencre.fr\\\/wp-content\\\/uploads\\\/2020\\\/07\\\/Logo-LE-3820px-en-300dpi-Gris--scaled.jpg\",\"width\":2560,\"height\":1920,\"caption\":\"Lumi\u00e8re d'Encre\"},\"image\":{\"@id\":\"https:\\\/\\\/www.lumieredencre.fr\\\/#\\\/schema\\\/logo\\\/image\\\/\"},\"sameAs\":[\"https:\\\/\\\/fr-fr.facebook.com\\\/LumieredEncre\",\"https:\\\/\\\/x.com\\\/lumieredencre\",\"https:\\\/\\\/www.instagram.com\\\/lumieredencre\\\/\",\"https:\\\/\\\/www.linkedin.com\\\/in\\\/lumi\u00e8re-d-encre-a57079111\\\/\",\"https:\\\/\\\/www.youtube.com\\\/channel\\\/UCavaW2PxkCTIvqlpBM07aYQ\\\/featured?view_as=subscriber\"]}]}<\/script>\n<!-- \/ Yoast SEO plugin. -->","yoast_head_json":{"title":"Poste \u00e0 pourvoir -","robots":{"index":"index","follow":"follow","max-snippet":"max-snippet:-1","max-image-preview":"max-image-preview:large","max-video-preview":"max-video-preview:-1"},"canonical":"https:\/\/www.lumieredencre.fr\/en\/poste-a-pourvoir\/","og_locale":"en_GB","og_type":"article","og_title":"Poste \u00e0 pourvoir -","og_description":"LUMI\u00c8RE D\u2019ENCRE EST \u00c0 LA RECHERCHE DE SON DIRECTEUR\u00b7TRICE Date limite de d\u00e9p\u00f4t des candidatures: 10 octobre 2026 Direction du Centre d\u2019Art et de Photographie Lumi\u00e8re d&rsquo;Encre Le centre d\u2019art et de photographie Lumi\u00e8re d\u2019Encre existe depuis 18 ans. Durant toutes ces ann\u00e9es, avec le bureau de l\u2019association, son fondateur, Claude Belime, s\u2019est engag\u00e9 \u00e0 faire vivre et rayonner la photographie \u00e0 C\u00e9ret dans les Pyr\u00e9n\u00e9es Orientales. C\u00e9ret, entre mer et montagne, \u00e0 la fronti\u00e8re catalane, est une petite ville de 8 000 habitants inscrite depuis le d\u00e9but du XXe si\u00e8cle dans l&rsquo;histoire de l&rsquo;art. Ville touristique r\u00e9solument tourn\u00e9e vers la culture, elle poss\u00e8de un mus\u00e9e d&rsquo;art moderne et un mus\u00e9e de la musique, en plus du Centre d&rsquo;Art et de Photographie. Ce territoire est fa\u00e7onn\u00e9 par les paysages, les femmes et les hommes qui l&rsquo;ont cultiv\u00e9 et qui le construisent. Le Centre d&rsquo;Art et de Photographie Lumi\u00e8re d&rsquo;Encre associe l&rsquo;exigence des propositions artistiques qu&rsquo;il porte et une forte proximit\u00e9 avec le territoire. Soutenu par la Ville de C\u00e9ret, le D\u00e9partement des Pyr\u00e9n\u00e9es-Orientales, la R\u00e9gion Occitanie \/ Pyr\u00e9n\u00e9es-M\u00e9diterran\u00e9e et la DRAC Occitanie, membre des r\u00e9seaux Diagonal, LUX, Arts en r\u00e9sidence et du Laboratoire de M\u00e9diation en Art Contemporain, le centre d\u00e9veloppe \u00e9galement des collaborations fortes avec la Catalogne depuis de longues ann\u00e9es. Avec quatre grandes expositions photographiques par an, un festival, des actions d\u2019\u00e9ducation artistique et culturelle, des cycles de conf\u00e9rences et de rencontres, ainsi que des r\u00e9sidences d\u2019artistes, le centre accueille tous les ans plus de 16 000 visiteurs et construit de nombreux partenariats avec les acteurs du territoire. Son budget annuel est compris entre 150 000 \u20ac et 175 000 \u20ac. Lumi\u00e8re d\u2019Encre recherche celle ou celui qui saura \u00e0 la fois s\u2019inscrire dans la continuit\u00e9 de ses actions et donner un nouvel \u00e9lan au projet. Diriger un centre d\u2019art engage \u00e0 d\u00e9fendre une programmation, \u00e0 apporter une expertise artistique. Mais c\u2019est aussi assurer une multitude de missions qui font vivre ce type d\u2019institution culturelle en lien avec des publics, des partenaires, des territoires, du local \u00e0 l\u2019international. Il faut donc avant tout savoir tisser des liens pour construire \u00e0 plusieurs le projet du lieu. Dans un contexte budg\u00e9taire difficile, il faut pouvoir r\u00e9pondre aux appels \u00e0 projets et aux dossiers de financement, tout en convainquant les partenaires publics de la pertinence d\u2019un centre d\u2019art implant\u00e9 en milieu rural. C\u2019est \u00e9galement savoir communiquer, tout \u00e0 la fois aupr\u00e8s des publics, des partenaires, des \u00e9lus, ainsi qu\u2019aupr\u00e8s des membres et b\u00e9n\u00e9voles de l\u2019association, pour f\u00e9d\u00e9rer et associer le plus grand nombre \u00e0 la vie et au d\u00e9veloppement du centre. Pour assurer cette direction, le Centre d\u2019Art et de Photographie Lumi\u00e8re d\u2019Encre est ouvert \u00e0 toute personne ayant d\u00e9j\u00e0 un engagement professionnel dans le domaine de la photographie, une forte exp\u00e9rience dans la conduite de projets culturels et d\u00e9sireuse de nous rencontrer pour \u00e9changer davantage sur les missions du lieu. Nous envisageons une prise de fonction en 2027, suivie d&rsquo;un filage de six mois au cours de cette ann\u00e9e, pour un salaire annuel compris entre 30 000 \u20ac et 35 000 \u20ac. Les candidats devront transmettre: une lettre d&rsquo;intention pr\u00e9sentant leur vision et leurs motivations ; un curriculum vitae d\u00e9taill\u00e9. Processus de s\u00e9lection \u00c0 l&rsquo;issue de l&rsquo;examen des candidatures, une pr\u00e9s\u00e9lection de cinq candidats sera r\u00e9alis\u00e9e \u00e0 la fin du mois d&rsquo;octobre. Ces candidats seront invit\u00e9s \u00e0 un premier entretien, en visioconf\u00e9rence ou en pr\u00e9sentiel, fin\u00a0novembre 2026. \u00c0 l&rsquo;issue de cette premi\u00e8re phase, les candidats retenus seront invit\u00e9s \u00e0 \u00e9laborer un projet d&rsquo;\u00e9tablissement, \u00e0 remettre pour le 15 janvier 2027. Ce d\u00e9lai de deux mois tient compte de la p\u00e9riode des f\u00eates de fin d&rsquo;ann\u00e9e afin de permettre une r\u00e9flexion approfondie. Les entretiens finaux se d\u00e9rouleront en pr\u00e9sentiel entre la mi-janvier et le d\u00e9but du mois de f\u00e9vrier 2027. Le choix du ou de la future directrice sera annonc\u00e9 dans la foul\u00e9e. Prise de fonction La prise de poste est envisag\u00e9e \u00e0 partir du d\u00e9but du mois de mars 2027, selon les disponibilit\u00e9s du candidat retenu. Pour les personnes soumises \u00e0 un pr\u00e9avis, une prise de fonction pourra \u00eatre envisag\u00e9e jusqu&rsquo;en mai ou juin 2027. Par mail aux adresses suivantes:\u00a0direction@lumieredencre.fr\u00a0et\u00a0administration@lumieredencre.fr Pour nous contacter Centre d&rsquo;Art et de Photographie Lumi\u00e8re d&rsquo;Encre, Place Pablo Picasso, C\u00e9ret 04 30 82 73 30 contact@lumieredencre.fr \u00c0 propos Adh\u00e9rez \u00e0 Lumi\u00e8re d&rsquo;Encre Poste \u00e0 Pourvoir","og_url":"https:\/\/www.lumieredencre.fr\/en\/poste-a-pourvoir\/","article_publisher":"https:\/\/fr-fr.facebook.com\/LumieredEncre","article_modified_time":"2026-07-30T12:38:39+00:00","og_image":[{"width":1080,"height":132,"url":"https:\/\/www.lumieredencre.fr\/wp-content\/uploads\/2025\/04\/footer-2.png","type":"image\/png"}],"twitter_card":"summary_large_image","twitter_site":"@lumieredencre","twitter_misc":{"Estimated reading time":"4 minutes"},"schema":{"@context":"https:\/\/schema.org","@graph":[{"@type":"WebPage","@id":"https:\/\/www.lumieredencre.fr\/poste-a-pourvoir\/","url":"https:\/\/www.lumieredencre.fr\/poste-a-pourvoir\/","name":"Poste \u00e0 pourvoir -","isPartOf":{"@id":"https:\/\/www.lumieredencre.fr\/#website"},"primaryImageOfPage":{"@id":"https:\/\/www.lumieredencre.fr\/poste-a-pourvoir\/#primaryimage"},"image":{"@id":"https:\/\/www.lumieredencre.fr\/poste-a-pourvoir\/#primaryimage"},"thumbnailUrl":"https:\/\/www.lumieredencre.fr\/wp-content\/uploads\/2025\/04\/footer-2.png","datePublished":"2025-04-22T07:55:39+00:00","dateModified":"2026-07-30T12:38:39+00:00","breadcrumb":{"@id":"https:\/\/www.lumieredencre.fr\/poste-a-pourvoir\/#breadcrumb"},"inLanguage":"en-GB","potentialAction":[{"@type":"ReadAction","target":["https:\/\/www.lumieredencre.fr\/poste-a-pourvoir\/"]}]},{"@type":"ImageObject","inLanguage":"en-GB","@id":"https:\/\/www.lumieredencre.fr\/poste-a-pourvoir\/#primaryimage","url":"https:\/\/www.lumieredencre.fr\/wp-content\/uploads\/2025\/04\/footer-2.png","contentUrl":"https:\/\/www.lumieredencre.fr\/wp-content\/uploads\/2025\/04\/footer-2.png"},{"@type":"BreadcrumbList","@id":"https:\/\/www.lumieredencre.fr\/poste-a-pourvoir\/#breadcrumb","itemListElement":[{"@type":"ListItem","position":1,"name":"Accueil","item":"https:\/\/www.lumieredencre.fr\/"},{"@type":"ListItem","position":2,"name":"Poste \u00e0 pourvoir"}]},{"@type":"WebSite","@id":"https:\/\/www.lumieredencre.fr\/#website","url":"https:\/\/www.lumieredencre.fr\/","name":"Lumi\u00e8re d Encre","description":"","publisher":{"@id":"https:\/\/www.lumieredencre.fr\/#organization"},"potentialAction":[{"@type":"SearchAction","target":{"@type":"EntryPoint","urlTemplate":"https:\/\/www.lumieredencre.fr\/?s={search_term_string}"},"query-input":{"@type":"PropertyValueSpecification","valueRequired":true,"valueName":"search_term_string"}}],"inLanguage":"en-GB"},{"@type":"Organization","@id":"https:\/\/www.lumieredencre.fr\/#organization","name":"Lumi\u00e8re d'Encre","url":"https:\/\/www.lumieredencre.fr\/","logo":{"@type":"ImageObject","inLanguage":"en-GB","@id":"https:\/\/www.lumieredencre.fr\/#\/schema\/logo\/image\/","url":"https:\/\/www.lumieredencre.fr\/wp-content\/uploads\/2020\/07\/Logo-LE-3820px-en-300dpi-Gris--scaled.jpg","contentUrl":"https:\/\/www.lumieredencre.fr\/wp-content\/uploads\/2020\/07\/Logo-LE-3820px-en-300dpi-Gris--scaled.jpg","width":2560,"height":1920,"caption":"Lumi\u00e8re d'Encre"},"image":{"@id":"https:\/\/www.lumieredencre.fr\/#\/schema\/logo\/image\/"},"sameAs":["https:\/\/fr-fr.facebook.com\/LumieredEncre","https:\/\/x.com\/lumieredencre","https:\/\/www.instagram.com\/lumieredencre\/","https:\/\/www.linkedin.com\/in\/lumi\u00e8re-d-encre-a57079111\/","https:\/\/www.youtube.com\/channel\/UCavaW2PxkCTIvqlpBM07aYQ\/featured?view_as=subscriber"]}]}},"jetpack_sharing_enabled":true,"_links":{"self":[{"href":"https:\/\/www.lumieredencre.fr\/en\/wp-json\/wp\/v2\/pages\/7788","targetHints":{"allow":["GET"]}}],"collection":[{"href":"https:\/\/www.lumieredencre.fr\/en\/wp-json\/wp\/v2\/pages"}],"about":[{"href":"https:\/\/www.lumieredencre.fr\/en\/wp-json\/wp\/v2\/types\/page"}],"author":[{"embeddable":true,"href":"https:\/\/www.lumieredencre.fr\/en\/wp-json\/wp\/v2\/users\/1"}],"replies":[{"embeddable":true,"href":"https:\/\/www.lumieredencre.fr\/en\/wp-json\/wp\/v2\/comments?post=7788"}],"version-history":[{"count":80,"href":"https:\/\/www.lumieredencre.fr\/en\/wp-json\/wp\/v2\/pages\/7788\/revisions"}],"predecessor-version":[{"id":13561,"href":"https:\/\/www.lumieredencre.fr\/en\/wp-json\/wp\/v2\/pages\/7788\/revisions\/13561"}],"wp:attachment":[{"href":"https:\/\/www.lumieredencre.fr\/en\/wp-json\/wp\/v2\/media?parent=7788"}],"curies":[{"name":"wp","href":"https:\/\/api.w.org\/{rel}","templated":true}]}}