{"id":7773,"date":"2025-04-22T09:51:48","date_gmt":"2025-04-22T07:51:48","guid":{"rendered":"https:\/\/www.lumieredencre.fr\/?page_id=7773"},"modified":"2026-01-23T16:53:26","modified_gmt":"2026-01-23T15:53:26","slug":"appel-a-projets","status":"publish","type":"page","link":"https:\/\/www.lumieredencre.fr\/en\/appel-a-projets\/","title":{"rendered":"CALL FOR PROJECTS"},"content":{"rendered":"<div data-elementor-type=\"wp-page\" data-elementor-id=\"7773\" class=\"elementor elementor-7773\">\n\t\t\t\t<div class=\"elementor-element elementor-element-597ec288 e-flex e-con-boxed wpr-particle-no wpr-jarallax-no wpr-parallax-no wpr-sticky-section-no wpr-equal-height-no e-con e-parent\" data-id=\"597ec288\" data-element_type=\"container\" data-e-type=\"container\" data-settings=\"{&quot;background_background&quot;:&quot;classic&quot;}\">\n\t\t\t\t\t<div class=\"e-con-inner\">\n\t\t\t\t\t<\/div>\n\t\t\t\t<\/div>\n\t\t<div class=\"elementor-element elementor-element-599f0d94 e-grid e-con-boxed wpr-particle-no wpr-jarallax-no wpr-parallax-no wpr-sticky-section-no wpr-equal-height-no e-con e-parent\" data-id=\"599f0d94\" data-element_type=\"container\" data-e-type=\"container\" data-settings=\"{&quot;shape_divider_bottom&quot;:&quot;opacity-tilt&quot;}\">\n\t\t\t\t\t<div class=\"e-con-inner\">\n\t\t\t\t<div class=\"elementor-shape elementor-shape-bottom\" aria-hidden=\"true\" data-negative=\"false\">\n\t\t\t<svg xmlns=\"http:\/\/www.w3.org\/2000\/svg\" viewbox=\"0 0 2600 131.1\" preserveaspectratio=\"none\">\n\t<path class=\"elementor-shape-fill\" d=\"M0 0L2600 0 2600 69.1 0 0z\"\/>\n\t<path class=\"elementor-shape-fill\" style=\"opacity:0.5\" d=\"M0 0L2600 0 2600 69.1 0 69.1z\"\/>\n\t<path class=\"elementor-shape-fill\" style=\"opacity:0.25\" d=\"M2600 0L0 0 0 130.1 2600 69.1z\"\/>\n<\/svg>\t\t<\/div>\n\t\t\t\t<div class=\"elementor-element elementor-element-5c204f53 elementor-widget elementor-widget-image\" data-id=\"5c204f53\" data-element_type=\"widget\" data-e-type=\"widget\" data-widget_type=\"image.default\">\n\t\t\t\t\t\t\t\t\t\t\t\t\t\t\t\t<a href=\"https:\/\/www.lumieredencre.fr\/wp-content\/uploads\/2026\/01\/00-LETTRE-APPEL-A-CANDIDATURE-2026-1.pdf\">\n\t\t\t\t\t\t\t<img fetchpriority=\"high\" decoding=\"async\" width=\"724\" height=\"1024\" src=\"https:\/\/www.lumieredencre.fr\/wp-content\/uploads\/2026\/01\/RESIDENCE-724x1024.jpg\" class=\"attachment-large size-large wp-image-13008\" alt=\"\" srcset=\"https:\/\/www.lumieredencre.fr\/wp-content\/uploads\/2026\/01\/RESIDENCE-724x1024.jpg 724w, https:\/\/www.lumieredencre.fr\/wp-content\/uploads\/2026\/01\/RESIDENCE-212x300.jpg 212w, https:\/\/www.lumieredencre.fr\/wp-content\/uploads\/2026\/01\/RESIDENCE-768x1086.jpg 768w, https:\/\/www.lumieredencre.fr\/wp-content\/uploads\/2026\/01\/RESIDENCE-1086x1536.jpg 1086w, https:\/\/www.lumieredencre.fr\/wp-content\/uploads\/2026\/01\/RESIDENCE-8x12.jpg 8w, https:\/\/www.lumieredencre.fr\/wp-content\/uploads\/2026\/01\/RESIDENCE-177x250.jpg 177w, https:\/\/www.lumieredencre.fr\/wp-content\/uploads\/2026\/01\/RESIDENCE-477x675.jpg 477w, https:\/\/www.lumieredencre.fr\/wp-content\/uploads\/2026\/01\/RESIDENCE-201x284.jpg 201w, https:\/\/www.lumieredencre.fr\/wp-content\/uploads\/2026\/01\/RESIDENCE-270x382.jpg 270w, https:\/\/www.lumieredencre.fr\/wp-content\/uploads\/2026\/01\/RESIDENCE-1080x1528.jpg 1080w, https:\/\/www.lumieredencre.fr\/wp-content\/uploads\/2026\/01\/RESIDENCE-365x516.jpg 365w, https:\/\/www.lumieredencre.fr\/wp-content\/uploads\/2026\/01\/RESIDENCE-509x720.jpg 509w, https:\/\/www.lumieredencre.fr\/wp-content\/uploads\/2026\/01\/RESIDENCE-390x551.jpg 390w, https:\/\/www.lumieredencre.fr\/wp-content\/uploads\/2026\/01\/RESIDENCE-191x270.jpg 191w, https:\/\/www.lumieredencre.fr\/wp-content\/uploads\/2026\/01\/RESIDENCE.jpg 1240w\" sizes=\"(max-width: 724px) 100vw, 724px\" \/>\t\t\t\t\t\t\t\t<\/a>\n\t\t\t\t\t\t\t\t\t\t\t\t\t\t\t<\/div>\n\t\t<div class=\"elementor-element elementor-element-6accad5f e-con-full e-flex wpr-particle-no wpr-jarallax-no wpr-parallax-no wpr-sticky-section-no wpr-equal-height-no e-con e-child\" data-id=\"6accad5f\" data-element_type=\"container\" data-e-type=\"container\">\n\t\t\t\t<div class=\"elementor-element elementor-element-90cf834 elementor-widget elementor-widget-heading\" data-id=\"90cf834\" data-element_type=\"widget\" data-e-type=\"widget\" data-widget_type=\"heading.default\">\n\t\t\t\t\t<h2 class=\"elementor-heading-title elementor-size-default\">R\u00e9sidence 2026\/2027\n<\/h2>\t\t\t\t<\/div>\n\t\t\t\t<div class=\"elementor-element elementor-element-68579965 elementor-widget-divider--view-line elementor-widget elementor-widget-divider\" data-id=\"68579965\" data-element_type=\"widget\" data-e-type=\"widget\" data-widget_type=\"divider.default\">\n\t\t\t\t\t\t\t<div class=\"elementor-divider\">\n\t\t\t<span class=\"elementor-divider-separator\">\n\t\t\t\t\t\t<\/span>\n\t\t<\/div>\n\t\t\t\t\t\t<\/div>\n\t\t\t\t<div class=\"elementor-element elementor-element-177767cf elementor-widget__width-initial elementor-widget elementor-widget-text-editor\" data-id=\"177767cf\" data-element_type=\"widget\" data-e-type=\"widget\" data-widget_type=\"text-editor.default\">\n\t\t\t\t\t\t\t\t\t<p>Cette r\u00e9sidence souhaite donner les moyens \u00e0 un photographe d\u2019interroger sa pratique, de la promouvoir tout en participant \u00e0 la recherche artistique et culturelle sur ce territoire. Le th\u00e8me de la r\u00e9sidence 2026-2027 est: L\u2019EAU<\/p><p><a href=\"https:\/\/www.lumieredencre.fr\/wp-content\/uploads\/2026\/01\/00-LETTRE-APPEL-A-CANDIDATURE-2026-1.pdf\">T\u00e9l\u00e9chargez le dossier complet<\/a><\/p><p>Nous proposons une r\u00e9sidence d\u00e9di\u00e9e \u00e0 la cr\u00e9ation, dans un lieu qui vous accueille, vous soutient et vous relie \u00e0 un contexte local.\u2028 Chez <strong>Lumi\u00e8re<\/strong><br \/><strong>d\u2019Encre<\/strong>, cela signifie :<br \/><strong>&#8211; Une p\u00e9riode de 8 \u00e0 12 semaines<\/strong>, que vous pouvez r\u00e9partir en plusieurs<br \/>s\u00e9jours (2, 3 ou 4 fois ou plus dans l\u2019ann\u00e9e), \u00e0 d\u00e9finir ensemble selon vos<br \/>disponibilit\u00e9s.\u2028<br \/><strong>&#8211; Un logement sur place<\/strong>, pour vivre et travailler \u00e0 C\u00e9ret dans de bonnes<br \/>conditions.\u2028<br \/><strong>&#8211; Une \u00e9quipe engag\u00e9e<\/strong>, qui vous accompagne dans votre projet et vous met en lien avec un r\u00e9seau local de partenaires, d\u2019habitants et de structures.\u2028<br \/><strong>&#8211; <\/strong><strong>Un soutien \u00e0 la cr\u00e9ation<br \/><\/strong><strong>&#8211; Bourse de r\u00e9sidence :<\/strong> 3900 \u20ac bruts.\u2028<br \/><strong>&#8211; Frais de d\u00e9placement :<\/strong> rembours\u00e9s sur justificatifs, jusqu\u2019\u00e0 800 \u20ac.\u2028<br \/><strong>&#8211; Frais de repas :<\/strong> rembours\u00e9s sur justificatifs, jusqu\u2019\u00e0 400 \u20ac.\u2028<br \/><strong>&#8211; Frais de production (tirages, mat\u00e9riel) :<\/strong> jusqu\u2019\u00e0 2500 \u20ac.\u2028<\/p><p>Cette r\u00e9sidence s\u2019adresse \u00e0 des photographes professionnels ou \u00e9mergents,<br \/>d\u00e9sireux de s\u2019inscrire dans une dynamique de cr\u00e9ation et de partage, en lien<br \/>avec un territoire riche et vivant.\u00a0<\/p><p>Les candidatures pour notre\u00a0<strong>r\u00e9sidence annuelle<\/strong>\u00a0sont ouvertes de\u00a0<strong>janvier \u00e0 avril 2026<\/strong>.<\/p><p>Nous proposons \u00e9galement des\u00a0<strong>r\u00e9sidences ponctuelles<\/strong>\u00a0tout au long de l\u2019ann\u00e9e.<br \/>Pour \u00eatre tenu\u00b7e au courant des prochaines opportunit\u00e9s, inscrivez-vous d\u00e8s maintenant \u00e0 notre\u00a0<strong>newsletter.<\/strong><\/p>\t\t\t\t\t\t\t\t<\/div>\n\t\t\t\t<\/div>\n\t\t\t\t\t<\/div>\n\t\t\t\t<\/div>\n\t\t<div class=\"elementor-element elementor-element-d95aec5 e-flex e-con-boxed wpr-particle-no wpr-jarallax-no wpr-parallax-no wpr-sticky-section-no wpr-equal-height-no e-con e-parent\" data-id=\"d95aec5\" data-element_type=\"container\" data-e-type=\"container\" data-settings=\"{&quot;background_background&quot;:&quot;classic&quot;}\">\n\t\t\t\t\t<div class=\"e-con-inner\">\n\t\t\t\t<div class=\"elementor-element elementor-element-91cfe28 elementor-widget elementor-widget-image\" data-id=\"91cfe28\" data-element_type=\"widget\" data-e-type=\"widget\" data-widget_type=\"image.default\">\n\t\t\t\t\t\t\t\t\t\t\t\t\t\t\t<img decoding=\"async\" width=\"1080\" height=\"132\" src=\"https:\/\/www.lumieredencre.fr\/wp-content\/uploads\/2025\/04\/footer-2.png\" class=\"attachment-full size-full wp-image-10124\" alt=\"\" srcset=\"https:\/\/www.lumieredencre.fr\/wp-content\/uploads\/2025\/04\/footer-2.png 1080w, https:\/\/www.lumieredencre.fr\/wp-content\/uploads\/2025\/04\/footer-2-300x37.png 300w, https:\/\/www.lumieredencre.fr\/wp-content\/uploads\/2025\/04\/footer-2-1024x125.png 1024w, https:\/\/www.lumieredencre.fr\/wp-content\/uploads\/2025\/04\/footer-2-768x94.png 768w, https:\/\/www.lumieredencre.fr\/wp-content\/uploads\/2025\/04\/footer-2-400x49.png 400w, https:\/\/www.lumieredencre.fr\/wp-content\/uploads\/2025\/04\/footer-2-510x62.png 510w, https:\/\/www.lumieredencre.fr\/wp-content\/uploads\/2025\/04\/footer-2-980x120.png 980w, https:\/\/www.lumieredencre.fr\/wp-content\/uploads\/2025\/04\/footer-2-480x59.png 480w\" sizes=\"(max-width: 1080px) 100vw, 1080px\" \/>\t\t\t\t\t\t\t\t\t\t\t\t\t\t\t<\/div>\n\t\t\t\t\t<\/div>\n\t\t\t\t<\/div>\n\t\t<div class=\"elementor-element elementor-element-874b8c2 e-flex e-con-boxed wpr-particle-no wpr-jarallax-no wpr-parallax-no wpr-sticky-section-no wpr-equal-height-no e-con e-parent\" data-id=\"874b8c2\" data-element_type=\"container\" data-e-type=\"container\">\n\t\t\t\t\t<div class=\"e-con-inner\">\n\t\t<div class=\"elementor-element elementor-element-e08eb36 e-con-full e-flex wpr-particle-no wpr-jarallax-no wpr-parallax-no wpr-sticky-section-no wpr-equal-height-no e-con e-child\" data-id=\"e08eb36\" data-element_type=\"container\" data-e-type=\"container\">\n\t\t\t\t<div class=\"elementor-element elementor-element-7ef65c5 elementor-widget elementor-widget-image\" data-id=\"7ef65c5\" data-element_type=\"widget\" data-e-type=\"widget\" data-widget_type=\"image.default\">\n\t\t\t\t\t\t\t\t\t\t\t\t\t\t\t\t<a href=\"https:\/\/www.lumieredencre.fr\/en\/\">\n\t\t\t\t\t\t\t<img decoding=\"async\" width=\"800\" height=\"600\" src=\"https:\/\/www.lumieredencre.fr\/wp-content\/uploads\/2025\/04\/LUMIERE-LOGO-NEW-min.jpg\" class=\"attachment-large size-large wp-image-9580\" alt=\"Centre d&#039;art et de photographie C\u00e9ret\" srcset=\"https:\/\/www.lumieredencre.fr\/wp-content\/uploads\/2025\/04\/LUMIERE-LOGO-NEW-min.jpg 800w, https:\/\/www.lumieredencre.fr\/wp-content\/uploads\/2025\/04\/LUMIERE-LOGO-NEW-min-600x450.jpg 600w, https:\/\/www.lumieredencre.fr\/wp-content\/uploads\/2025\/04\/LUMIERE-LOGO-NEW-min-300x225.jpg 300w, https:\/\/www.lumieredencre.fr\/wp-content\/uploads\/2025\/04\/LUMIERE-LOGO-NEW-min-768x576.jpg 768w, https:\/\/www.lumieredencre.fr\/wp-content\/uploads\/2025\/04\/LUMIERE-LOGO-NEW-min-333x250.jpg 333w, https:\/\/www.lumieredencre.fr\/wp-content\/uploads\/2025\/04\/LUMIERE-LOGO-NEW-min-379x284.jpg 379w, https:\/\/www.lumieredencre.fr\/wp-content\/uploads\/2025\/04\/LUMIERE-LOGO-NEW-min-510x382.jpg 510w, https:\/\/www.lumieredencre.fr\/wp-content\/uploads\/2025\/04\/LUMIERE-LOGO-NEW-min-400x300.jpg 400w, https:\/\/www.lumieredencre.fr\/wp-content\/uploads\/2025\/04\/LUMIERE-LOGO-NEW-min-735x551.jpg 735w, https:\/\/www.lumieredencre.fr\/wp-content\/uploads\/2025\/04\/LUMIERE-LOGO-NEW-min-360x270.jpg 360w\" sizes=\"(max-width: 800px) 100vw, 800px\" \/>\t\t\t\t\t\t\t\t<\/a>\n\t\t\t\t\t\t\t\t\t\t\t\t\t\t\t<\/div>\n\t\t\t\t<\/div>\n\t\t<div class=\"elementor-element elementor-element-7c04bd4 e-con-full e-flex wpr-particle-no wpr-jarallax-no wpr-parallax-no wpr-sticky-section-no wpr-equal-height-no e-con e-child\" data-id=\"7c04bd4\" data-element_type=\"container\" data-e-type=\"container\">\n\t\t\t\t<div class=\"elementor-element elementor-element-2fb34ca elementor-widget elementor-widget-heading\" data-id=\"2fb34ca\" data-element_type=\"widget\" data-e-type=\"widget\" data-widget_type=\"heading.default\">\n\t\t\t\t\t<h2 class=\"elementor-heading-title elementor-size-default\">Centre d'Art et de Photographie<\/h2>\t\t\t\t<\/div>\n\t\t\t\t<div class=\"elementor-element elementor-element-5633329 elementor-widget elementor-widget-text-editor\" data-id=\"5633329\" data-element_type=\"widget\" data-e-type=\"widget\" data-widget_type=\"text-editor.default\">\n\t\t\t\t\t\t\t\t\t<p>Lumi\u00e8re d&rsquo;Encre, Place Pablo Picasso, C\u00e9ret<\/p><p>04 30 82 73 30<\/p><p>contact@lumieredencre.fr<\/p>\t\t\t\t\t\t\t\t<\/div>\n\t\t\t\t<\/div>\n\t\t<div class=\"elementor-element elementor-element-d16b595 e-con-full e-flex wpr-particle-no wpr-jarallax-no wpr-parallax-no wpr-sticky-section-no wpr-equal-height-no e-con e-child\" data-id=\"d16b595\" data-element_type=\"container\" data-e-type=\"container\">\n\t\t\t\t<div class=\"elementor-element elementor-element-24bf295 elementor-widget elementor-widget-heading\" data-id=\"24bf295\" data-element_type=\"widget\" data-e-type=\"widget\" data-widget_type=\"heading.default\">\n\t\t\t\t\t<h2 class=\"elementor-heading-title elementor-size-default\">About<\/h2>\t\t\t\t<\/div>\n\t\t\t\t<div class=\"elementor-element elementor-element-9eece88 elementor-widget elementor-widget-text-editor\" data-id=\"9eece88\" data-element_type=\"widget\" data-e-type=\"widget\" data-widget_type=\"text-editor.default\">\n\t\t\t\t\t\t\t\t\t<p><a href=\"https:\/\/www.lumieredencre.fr\/en\/adherez-a-lumiere-dencre\/\">Adh\u00e9rez \u00e0 Lumi\u00e8re d&rsquo;Encre<\/a><\/p><p><a href=\"https:\/\/www.lumieredencre.fr\/en\/poste-a-pourvoir\/\">Our school offers<\/a><\/p>\t\t\t\t\t\t\t\t<\/div>\n\t\t\t\t<\/div>\n\t\t\t\t\t<\/div>\n\t\t\t\t<\/div>\n\t\t\t\t<\/div>","protected":false},"excerpt":{"rendered":"<p>R\u00e9sidence 2026\/2027 Cette r\u00e9sidence souhaite donner les moyens \u00e0 un photographe d\u2019interroger sa pratique, de la promouvoir tout en participant \u00e0 la recherche artistique et culturelle sur ce territoire. Le th\u00e8me de la r\u00e9sidence 2026-2027 est: L\u2019EAU T\u00e9l\u00e9chargez le dossier complet Nous proposons une r\u00e9sidence d\u00e9di\u00e9e \u00e0 la cr\u00e9ation, dans un lieu qui vous accueille, vous soutient et vous relie \u00e0 un contexte local.\u2028 Chez Lumi\u00e8red\u2019Encre, cela signifie :&#8211; Une p\u00e9riode de 8 \u00e0 12 semaines, que vous pouvez r\u00e9partir en plusieurss\u00e9jours (2, 3 ou 4 fois ou plus dans l\u2019ann\u00e9e), \u00e0 d\u00e9finir ensemble selon vosdisponibilit\u00e9s.\u2028&#8211; Un logement sur place, pour vivre et travailler \u00e0 C\u00e9ret dans de bonnesconditions.\u2028&#8211; Une \u00e9quipe engag\u00e9e, qui vous accompagne dans votre projet et vous met en lien avec un r\u00e9seau local de partenaires, d\u2019habitants et de structures.\u2028&#8211; Un soutien \u00e0 la cr\u00e9ation&#8211; Bourse de r\u00e9sidence : 3900 \u20ac bruts.\u2028&#8211; Frais de d\u00e9placement : rembours\u00e9s sur justificatifs, jusqu\u2019\u00e0 800 \u20ac.\u2028&#8211; Frais de repas : rembours\u00e9s sur justificatifs, jusqu\u2019\u00e0 400 \u20ac.\u2028&#8211; Frais de production (tirages, mat\u00e9riel) : jusqu\u2019\u00e0 2500 \u20ac.\u2028 Cette r\u00e9sidence s\u2019adresse \u00e0 des photographes professionnels ou \u00e9mergents,d\u00e9sireux de s\u2019inscrire dans une dynamique de cr\u00e9ation et de partage, en lienavec un territoire riche et vivant.\u00a0 Les candidatures pour notre\u00a0r\u00e9sidence annuelle\u00a0sont ouvertes de\u00a0janvier \u00e0 avril 2026. Nous proposons \u00e9galement des\u00a0r\u00e9sidences ponctuelles\u00a0tout au long de l\u2019ann\u00e9e.Pour \u00eatre tenu\u00b7e au courant des prochaines opportunit\u00e9s, inscrivez-vous d\u00e8s maintenant \u00e0 notre\u00a0newsletter. Centre d&rsquo;Art et de Photographie Lumi\u00e8re d&rsquo;Encre, Place Pablo Picasso, C\u00e9ret 04 30 82 73 30 contact@lumieredencre.fr \u00c0 propos Adh\u00e9rez \u00e0 Lumi\u00e8re d&rsquo;Encre Poste \u00e0 Pourvoir<\/p>","protected":false},"author":1,"featured_media":0,"parent":0,"menu_order":0,"comment_status":"closed","ping_status":"closed","template":"","meta":{"site-sidebar-layout":"no-sidebar","site-content-layout":"","ast-site-content-layout":"full-width-container","site-content-style":"default","site-sidebar-style":"default","ast-global-header-display":"","ast-banner-title-visibility":"","ast-main-header-display":"","ast-hfb-above-header-display":"","ast-hfb-below-header-display":"","ast-hfb-mobile-header-display":"","site-post-title":"disabled","ast-breadcrumbs-content":"","ast-featured-img":"disabled","footer-sml-layout":"","ast-disable-related-posts":"","theme-transparent-header-meta":"","adv-header-id-meta":"","stick-header-meta":"","header-above-stick-meta":"","header-main-stick-meta":"","header-below-stick-meta":"","astra-migrate-meta-layouts":"default","ast-page-background-enabled":"default","ast-page-background-meta":{"desktop":{"background-color":"var(--ast-global-color-5)","background-image":"","background-repeat":"repeat","background-position":"center center","background-size":"auto","background-attachment":"scroll","background-type":"","background-media":"","overlay-type":"","overlay-color":"","overlay-opacity":"","overlay-gradient":""},"tablet":{"background-color":"","background-image":"","background-repeat":"repeat","background-position":"center center","background-size":"auto","background-attachment":"scroll","background-type":"","background-media":"","overlay-type":"","overlay-color":"","overlay-opacity":"","overlay-gradient":""},"mobile":{"background-color":"","background-image":"","background-repeat":"repeat","background-position":"center center","background-size":"auto","background-attachment":"scroll","background-type":"","background-media":"","overlay-type":"","overlay-color":"","overlay-opacity":"","overlay-gradient":""}},"ast-content-background-meta":{"desktop":{"background-color":"var(--ast-global-color-4)","background-image":"","background-repeat":"repeat","background-position":"center center","background-size":"auto","background-attachment":"scroll","background-type":"","background-media":"","overlay-type":"","overlay-color":"","overlay-opacity":"","overlay-gradient":""},"tablet":{"background-color":"var(--ast-global-color-4)","background-image":"","background-repeat":"repeat","background-position":"center center","background-size":"auto","background-attachment":"scroll","background-type":"","background-media":"","overlay-type":"","overlay-color":"","overlay-opacity":"","overlay-gradient":""},"mobile":{"background-color":"var(--ast-global-color-4)","background-image":"","background-repeat":"repeat","background-position":"center center","background-size":"auto","background-attachment":"scroll","background-type":"","background-media":"","overlay-type":"","overlay-color":"","overlay-opacity":"","overlay-gradient":""}},"footnotes":""},"class_list":["post-7773","page","type-page","status-publish","hentry"],"yoast_head":"<!-- This site is optimized with the Yoast SEO plugin v27.5 - https:\/\/yoast.com\/product\/yoast-seo-wordpress\/ -->\n<title>Appel \u00e0 projets -<\/title>\n<meta name=\"robots\" content=\"index, follow, max-snippet:-1, max-image-preview:large, max-video-preview:-1\" \/>\n<link rel=\"canonical\" href=\"https:\/\/www.lumieredencre.fr\/en\/appel-a-projets\/\" \/>\n<meta property=\"og:locale\" content=\"en_GB\" \/>\n<meta property=\"og:type\" content=\"article\" \/>\n<meta property=\"og:title\" content=\"Appel \u00e0 projets -\" \/>\n<meta property=\"og:description\" content=\"R\u00e9sidence 2026\/2027 Cette r\u00e9sidence souhaite donner les moyens \u00e0 un photographe d\u2019interroger sa pratique, de la promouvoir tout en participant \u00e0 la recherche artistique et culturelle sur ce territoire. Le th\u00e8me de la r\u00e9sidence 2026-2027 est: L\u2019EAU T\u00e9l\u00e9chargez le dossier complet Nous proposons une r\u00e9sidence d\u00e9di\u00e9e \u00e0 la cr\u00e9ation, dans un lieu qui vous accueille, vous soutient et vous relie \u00e0 un contexte local.\u2028 Chez Lumi\u00e8red\u2019Encre, cela signifie :&#8211; Une p\u00e9riode de 8 \u00e0 12 semaines, que vous pouvez r\u00e9partir en plusieurss\u00e9jours (2, 3 ou 4 fois ou plus dans l\u2019ann\u00e9e), \u00e0 d\u00e9finir ensemble selon vosdisponibilit\u00e9s.\u2028&#8211; Un logement sur place, pour vivre et travailler \u00e0 C\u00e9ret dans de bonnesconditions.\u2028&#8211; Une \u00e9quipe engag\u00e9e, qui vous accompagne dans votre projet et vous met en lien avec un r\u00e9seau local de partenaires, d\u2019habitants et de structures.\u2028&#8211; Un soutien \u00e0 la cr\u00e9ation&#8211; Bourse de r\u00e9sidence : 3900 \u20ac bruts.\u2028&#8211; Frais de d\u00e9placement : rembours\u00e9s sur justificatifs, jusqu\u2019\u00e0 800 \u20ac.\u2028&#8211; Frais de repas : rembours\u00e9s sur justificatifs, jusqu\u2019\u00e0 400 \u20ac.\u2028&#8211; Frais de production (tirages, mat\u00e9riel) : jusqu\u2019\u00e0 2500 \u20ac.\u2028 Cette r\u00e9sidence s\u2019adresse \u00e0 des photographes professionnels ou \u00e9mergents,d\u00e9sireux de s\u2019inscrire dans une dynamique de cr\u00e9ation et de partage, en lienavec un territoire riche et vivant.\u00a0 Les candidatures pour notre\u00a0r\u00e9sidence annuelle\u00a0sont ouvertes de\u00a0janvier \u00e0 avril 2026. Nous proposons \u00e9galement des\u00a0r\u00e9sidences ponctuelles\u00a0tout au long de l\u2019ann\u00e9e.Pour \u00eatre tenu\u00b7e au courant des prochaines opportunit\u00e9s, inscrivez-vous d\u00e8s maintenant \u00e0 notre\u00a0newsletter. Centre d&rsquo;Art et de Photographie Lumi\u00e8re d&rsquo;Encre, Place Pablo Picasso, C\u00e9ret 04 30 82 73 30 contact@lumieredencre.fr \u00c0 propos Adh\u00e9rez \u00e0 Lumi\u00e8re d&rsquo;Encre Poste \u00e0 Pourvoir\" \/>\n<meta property=\"og:url\" content=\"https:\/\/www.lumieredencre.fr\/en\/appel-a-projets\/\" \/>\n<meta property=\"article:publisher\" content=\"https:\/\/fr-fr.facebook.com\/LumieredEncre\" \/>\n<meta property=\"article:modified_time\" content=\"2026-01-23T15:53:26+00:00\" \/>\n<meta property=\"og:image\" content=\"https:\/\/www.lumieredencre.fr\/wp-content\/uploads\/2026\/01\/RESIDENCE.jpg\" \/>\n\t<meta property=\"og:image:width\" content=\"1240\" \/>\n\t<meta property=\"og:image:height\" content=\"1754\" \/>\n\t<meta property=\"og:image:type\" content=\"image\/jpeg\" \/>\n<meta name=\"twitter:card\" content=\"summary_large_image\" \/>\n<meta name=\"twitter:site\" content=\"@lumieredencre\" \/>\n<meta name=\"twitter:label1\" content=\"Estimated reading time\" \/>\n\t<meta name=\"twitter:data1\" content=\"2 minutes\" \/>\n<script type=\"application\/ld+json\" class=\"yoast-schema-graph\">{\"@context\":\"https:\\\/\\\/schema.org\",\"@graph\":[{\"@type\":\"WebPage\",\"@id\":\"https:\\\/\\\/www.lumieredencre.fr\\\/appel-a-projets\\\/\",\"url\":\"https:\\\/\\\/www.lumieredencre.fr\\\/appel-a-projets\\\/\",\"name\":\"Appel \u00e0 projets -\",\"isPartOf\":{\"@id\":\"https:\\\/\\\/www.lumieredencre.fr\\\/#website\"},\"primaryImageOfPage\":{\"@id\":\"https:\\\/\\\/www.lumieredencre.fr\\\/appel-a-projets\\\/#primaryimage\"},\"image\":{\"@id\":\"https:\\\/\\\/www.lumieredencre.fr\\\/appel-a-projets\\\/#primaryimage\"},\"thumbnailUrl\":\"https:\\\/\\\/www.lumieredencre.fr\\\/wp-content\\\/uploads\\\/2026\\\/01\\\/RESIDENCE-724x1024.jpg\",\"datePublished\":\"2025-04-22T07:51:48+00:00\",\"dateModified\":\"2026-01-23T15:53:26+00:00\",\"breadcrumb\":{\"@id\":\"https:\\\/\\\/www.lumieredencre.fr\\\/appel-a-projets\\\/#breadcrumb\"},\"inLanguage\":\"en-GB\",\"potentialAction\":[{\"@type\":\"ReadAction\",\"target\":[\"https:\\\/\\\/www.lumieredencre.fr\\\/appel-a-projets\\\/\"]}]},{\"@type\":\"ImageObject\",\"inLanguage\":\"en-GB\",\"@id\":\"https:\\\/\\\/www.lumieredencre.fr\\\/appel-a-projets\\\/#primaryimage\",\"url\":\"https:\\\/\\\/www.lumieredencre.fr\\\/wp-content\\\/uploads\\\/2026\\\/01\\\/RESIDENCE-724x1024.jpg\",\"contentUrl\":\"https:\\\/\\\/www.lumieredencre.fr\\\/wp-content\\\/uploads\\\/2026\\\/01\\\/RESIDENCE-724x1024.jpg\"},{\"@type\":\"BreadcrumbList\",\"@id\":\"https:\\\/\\\/www.lumieredencre.fr\\\/appel-a-projets\\\/#breadcrumb\",\"itemListElement\":[{\"@type\":\"ListItem\",\"position\":1,\"name\":\"Accueil\",\"item\":\"https:\\\/\\\/www.lumieredencre.fr\\\/\"},{\"@type\":\"ListItem\",\"position\":2,\"name\":\"Appel \u00e0 projets\"}]},{\"@type\":\"WebSite\",\"@id\":\"https:\\\/\\\/www.lumieredencre.fr\\\/#website\",\"url\":\"https:\\\/\\\/www.lumieredencre.fr\\\/\",\"name\":\"Lumi\u00e8re d Encre\",\"description\":\"\",\"publisher\":{\"@id\":\"https:\\\/\\\/www.lumieredencre.fr\\\/#organization\"},\"potentialAction\":[{\"@type\":\"SearchAction\",\"target\":{\"@type\":\"EntryPoint\",\"urlTemplate\":\"https:\\\/\\\/www.lumieredencre.fr\\\/?s={search_term_string}\"},\"query-input\":{\"@type\":\"PropertyValueSpecification\",\"valueRequired\":true,\"valueName\":\"search_term_string\"}}],\"inLanguage\":\"en-GB\"},{\"@type\":\"Organization\",\"@id\":\"https:\\\/\\\/www.lumieredencre.fr\\\/#organization\",\"name\":\"Lumi\u00e8re d'Encre\",\"url\":\"https:\\\/\\\/www.lumieredencre.fr\\\/\",\"logo\":{\"@type\":\"ImageObject\",\"inLanguage\":\"en-GB\",\"@id\":\"https:\\\/\\\/www.lumieredencre.fr\\\/#\\\/schema\\\/logo\\\/image\\\/\",\"url\":\"https:\\\/\\\/www.lumieredencre.fr\\\/wp-content\\\/uploads\\\/2020\\\/07\\\/Logo-LE-3820px-en-300dpi-Gris--scaled.jpg\",\"contentUrl\":\"https:\\\/\\\/www.lumieredencre.fr\\\/wp-content\\\/uploads\\\/2020\\\/07\\\/Logo-LE-3820px-en-300dpi-Gris--scaled.jpg\",\"width\":2560,\"height\":1920,\"caption\":\"Lumi\u00e8re d'Encre\"},\"image\":{\"@id\":\"https:\\\/\\\/www.lumieredencre.fr\\\/#\\\/schema\\\/logo\\\/image\\\/\"},\"sameAs\":[\"https:\\\/\\\/fr-fr.facebook.com\\\/LumieredEncre\",\"https:\\\/\\\/x.com\\\/lumieredencre\",\"https:\\\/\\\/www.instagram.com\\\/lumieredencre\\\/\",\"https:\\\/\\\/www.linkedin.com\\\/in\\\/lumi\u00e8re-d-encre-a57079111\\\/\",\"https:\\\/\\\/www.youtube.com\\\/channel\\\/UCavaW2PxkCTIvqlpBM07aYQ\\\/featured?view_as=subscriber\"]}]}<\/script>\n<!-- \/ Yoast SEO plugin. -->","yoast_head_json":{"title":"Appel \u00e0 projets -","robots":{"index":"index","follow":"follow","max-snippet":"max-snippet:-1","max-image-preview":"max-image-preview:large","max-video-preview":"max-video-preview:-1"},"canonical":"https:\/\/www.lumieredencre.fr\/en\/appel-a-projets\/","og_locale":"en_GB","og_type":"article","og_title":"Appel \u00e0 projets -","og_description":"R\u00e9sidence 2026\/2027 Cette r\u00e9sidence souhaite donner les moyens \u00e0 un photographe d\u2019interroger sa pratique, de la promouvoir tout en participant \u00e0 la recherche artistique et culturelle sur ce territoire. Le th\u00e8me de la r\u00e9sidence 2026-2027 est: L\u2019EAU T\u00e9l\u00e9chargez le dossier complet Nous proposons une r\u00e9sidence d\u00e9di\u00e9e \u00e0 la cr\u00e9ation, dans un lieu qui vous accueille, vous soutient et vous relie \u00e0 un contexte local.\u2028 Chez Lumi\u00e8red\u2019Encre, cela signifie :&#8211; Une p\u00e9riode de 8 \u00e0 12 semaines, que vous pouvez r\u00e9partir en plusieurss\u00e9jours (2, 3 ou 4 fois ou plus dans l\u2019ann\u00e9e), \u00e0 d\u00e9finir ensemble selon vosdisponibilit\u00e9s.\u2028&#8211; Un logement sur place, pour vivre et travailler \u00e0 C\u00e9ret dans de bonnesconditions.\u2028&#8211; Une \u00e9quipe engag\u00e9e, qui vous accompagne dans votre projet et vous met en lien avec un r\u00e9seau local de partenaires, d\u2019habitants et de structures.\u2028&#8211; Un soutien \u00e0 la cr\u00e9ation&#8211; Bourse de r\u00e9sidence : 3900 \u20ac bruts.\u2028&#8211; Frais de d\u00e9placement : rembours\u00e9s sur justificatifs, jusqu\u2019\u00e0 800 \u20ac.\u2028&#8211; Frais de repas : rembours\u00e9s sur justificatifs, jusqu\u2019\u00e0 400 \u20ac.\u2028&#8211; Frais de production (tirages, mat\u00e9riel) : jusqu\u2019\u00e0 2500 \u20ac.\u2028 Cette r\u00e9sidence s\u2019adresse \u00e0 des photographes professionnels ou \u00e9mergents,d\u00e9sireux de s\u2019inscrire dans une dynamique de cr\u00e9ation et de partage, en lienavec un territoire riche et vivant.\u00a0 Les candidatures pour notre\u00a0r\u00e9sidence annuelle\u00a0sont ouvertes de\u00a0janvier \u00e0 avril 2026. Nous proposons \u00e9galement des\u00a0r\u00e9sidences ponctuelles\u00a0tout au long de l\u2019ann\u00e9e.Pour \u00eatre tenu\u00b7e au courant des prochaines opportunit\u00e9s, inscrivez-vous d\u00e8s maintenant \u00e0 notre\u00a0newsletter. Centre d&rsquo;Art et de Photographie Lumi\u00e8re d&rsquo;Encre, Place Pablo Picasso, C\u00e9ret 04 30 82 73 30 contact@lumieredencre.fr \u00c0 propos Adh\u00e9rez \u00e0 Lumi\u00e8re d&rsquo;Encre Poste \u00e0 Pourvoir","og_url":"https:\/\/www.lumieredencre.fr\/en\/appel-a-projets\/","article_publisher":"https:\/\/fr-fr.facebook.com\/LumieredEncre","article_modified_time":"2026-01-23T15:53:26+00:00","og_image":[{"width":1240,"height":1754,"url":"https:\/\/www.lumieredencre.fr\/wp-content\/uploads\/2026\/01\/RESIDENCE.jpg","type":"image\/jpeg"}],"twitter_card":"summary_large_image","twitter_site":"@lumieredencre","twitter_misc":{"Estimated reading time":"2 minutes"},"schema":{"@context":"https:\/\/schema.org","@graph":[{"@type":"WebPage","@id":"https:\/\/www.lumieredencre.fr\/appel-a-projets\/","url":"https:\/\/www.lumieredencre.fr\/appel-a-projets\/","name":"Appel \u00e0 projets -","isPartOf":{"@id":"https:\/\/www.lumieredencre.fr\/#website"},"primaryImageOfPage":{"@id":"https:\/\/www.lumieredencre.fr\/appel-a-projets\/#primaryimage"},"image":{"@id":"https:\/\/www.lumieredencre.fr\/appel-a-projets\/#primaryimage"},"thumbnailUrl":"https:\/\/www.lumieredencre.fr\/wp-content\/uploads\/2026\/01\/RESIDENCE-724x1024.jpg","datePublished":"2025-04-22T07:51:48+00:00","dateModified":"2026-01-23T15:53:26+00:00","breadcrumb":{"@id":"https:\/\/www.lumieredencre.fr\/appel-a-projets\/#breadcrumb"},"inLanguage":"en-GB","potentialAction":[{"@type":"ReadAction","target":["https:\/\/www.lumieredencre.fr\/appel-a-projets\/"]}]},{"@type":"ImageObject","inLanguage":"en-GB","@id":"https:\/\/www.lumieredencre.fr\/appel-a-projets\/#primaryimage","url":"https:\/\/www.lumieredencre.fr\/wp-content\/uploads\/2026\/01\/RESIDENCE-724x1024.jpg","contentUrl":"https:\/\/www.lumieredencre.fr\/wp-content\/uploads\/2026\/01\/RESIDENCE-724x1024.jpg"},{"@type":"BreadcrumbList","@id":"https:\/\/www.lumieredencre.fr\/appel-a-projets\/#breadcrumb","itemListElement":[{"@type":"ListItem","position":1,"name":"Accueil","item":"https:\/\/www.lumieredencre.fr\/"},{"@type":"ListItem","position":2,"name":"Appel \u00e0 projets"}]},{"@type":"WebSite","@id":"https:\/\/www.lumieredencre.fr\/#website","url":"https:\/\/www.lumieredencre.fr\/","name":"Lumi\u00e8re d Encre","description":"","publisher":{"@id":"https:\/\/www.lumieredencre.fr\/#organization"},"potentialAction":[{"@type":"SearchAction","target":{"@type":"EntryPoint","urlTemplate":"https:\/\/www.lumieredencre.fr\/?s={search_term_string}"},"query-input":{"@type":"PropertyValueSpecification","valueRequired":true,"valueName":"search_term_string"}}],"inLanguage":"en-GB"},{"@type":"Organization","@id":"https:\/\/www.lumieredencre.fr\/#organization","name":"Lumi\u00e8re d'Encre","url":"https:\/\/www.lumieredencre.fr\/","logo":{"@type":"ImageObject","inLanguage":"en-GB","@id":"https:\/\/www.lumieredencre.fr\/#\/schema\/logo\/image\/","url":"https:\/\/www.lumieredencre.fr\/wp-content\/uploads\/2020\/07\/Logo-LE-3820px-en-300dpi-Gris--scaled.jpg","contentUrl":"https:\/\/www.lumieredencre.fr\/wp-content\/uploads\/2020\/07\/Logo-LE-3820px-en-300dpi-Gris--scaled.jpg","width":2560,"height":1920,"caption":"Lumi\u00e8re d'Encre"},"image":{"@id":"https:\/\/www.lumieredencre.fr\/#\/schema\/logo\/image\/"},"sameAs":["https:\/\/fr-fr.facebook.com\/LumieredEncre","https:\/\/x.com\/lumieredencre","https:\/\/www.instagram.com\/lumieredencre\/","https:\/\/www.linkedin.com\/in\/lumi\u00e8re-d-encre-a57079111\/","https:\/\/www.youtube.com\/channel\/UCavaW2PxkCTIvqlpBM07aYQ\/featured?view_as=subscriber"]}]}},"jetpack_sharing_enabled":true,"_links":{"self":[{"href":"https:\/\/www.lumieredencre.fr\/en\/wp-json\/wp\/v2\/pages\/7773","targetHints":{"allow":["GET"]}}],"collection":[{"href":"https:\/\/www.lumieredencre.fr\/en\/wp-json\/wp\/v2\/pages"}],"about":[{"href":"https:\/\/www.lumieredencre.fr\/en\/wp-json\/wp\/v2\/types\/page"}],"author":[{"embeddable":true,"href":"https:\/\/www.lumieredencre.fr\/en\/wp-json\/wp\/v2\/users\/1"}],"replies":[{"embeddable":true,"href":"https:\/\/www.lumieredencre.fr\/en\/wp-json\/wp\/v2\/comments?post=7773"}],"version-history":[{"count":83,"href":"https:\/\/www.lumieredencre.fr\/en\/wp-json\/wp\/v2\/pages\/7773\/revisions"}],"predecessor-version":[{"id":13078,"href":"https:\/\/www.lumieredencre.fr\/en\/wp-json\/wp\/v2\/pages\/7773\/revisions\/13078"}],"wp:attachment":[{"href":"https:\/\/www.lumieredencre.fr\/en\/wp-json\/wp\/v2\/media?parent=7773"}],"curies":[{"name":"wp","href":"https:\/\/api.w.org\/{rel}","templated":true}]}}