{"version":"1.0","provider_name":"","provider_url":"https:\/\/www.lumieredencre.fr\/en","author_name":"Lumi\u00e8re d\u2019Encre","author_url":"https:\/\/www.lumieredencre.fr\/en\/author\/admin1106\/","title":"Appel \u00e0 r\u00e9sidence transfrontali\u00e8re 2025 -","type":"rich","width":600,"height":338,"html":"<blockquote class=\"wp-embedded-content\" data-secret=\"Z4LGbTqPGk\"><a href=\"https:\/\/www.lumieredencre.fr\/en\/appel-a-residence-transfrontaliere-2025\/\">Appel \u00e0 r\u00e9sidence transfrontali\u00e8re 2025<\/a><\/blockquote><iframe sandbox=\"allow-scripts\" security=\"restricted\" src=\"https:\/\/www.lumieredencre.fr\/en\/appel-a-residence-transfrontaliere-2025\/embed\/#?secret=Z4LGbTqPGk\" width=\"600\" height=\"338\" title=\"&#8220;Appel \u00e0 r\u00e9sidence transfrontali\u00e8re 2025&#8221; &#8212; \" data-secret=\"Z4LGbTqPGk\" frameborder=\"0\" marginwidth=\"0\" marginheight=\"0\" scrolling=\"no\" class=\"wp-embedded-content\"><\/iframe><script>\n\/*! This file is auto-generated *\/\n!function(d,l){\"use strict\";l.querySelector&&d.addEventListener&&\"undefined\"!=typeof URL&&(d.wp=d.wp||{},d.wp.receiveEmbedMessage||(d.wp.receiveEmbedMessage=function(e){var t=e.data;if((t||t.secret||t.message||t.value)&&!\/[^a-zA-Z0-9]\/.test(t.secret)){for(var s,r,n,a=l.querySelectorAll('iframe[data-secret=\"'+t.secret+'\"]'),o=l.querySelectorAll('blockquote[data-secret=\"'+t.secret+'\"]'),c=new RegExp(\"^https?:$\",\"i\"),i=0;i<o.length;i++)o[i].style.display=\"none\";for(i=0;i<a.length;i++)s=a[i],e.source===s.contentWindow&&(s.removeAttribute(\"style\"),\"height\"===t.message?(1e3<(r=parseInt(t.value,10))?r=1e3:~~r<200&&(r=200),s.height=r):\"link\"===t.message&&(r=new URL(s.getAttribute(\"src\")),n=new URL(t.value),c.test(n.protocol))&&n.host===r.host&&l.activeElement===s&&(d.top.location.href=t.value))}},d.addEventListener(\"message\",d.wp.receiveEmbedMessage,!1),l.addEventListener(\"DOMContentLoaded\",function(){for(var e,t,s=l.querySelectorAll(\"iframe.wp-embedded-content\"),r=0;r<s.length;r++)(t=(e=s[r]).getAttribute(\"data-secret\"))||(t=Math.random().toString(36).substring(2,12),e.src+=\"#?secret=\"+t,e.setAttribute(\"data-secret\",t)),e.contentWindow.postMessage({message:\"ready\",secret:t},\"*\")},!1)))}(window,document);\n\/\/# sourceURL=https:\/\/www.lumieredencre.fr\/wp-includes\/js\/wp-embed.min.js\n<\/script>","thumbnail_url":"https:\/\/www.lumieredencre.fr\/wp-content\/uploads\/2020\/07\/Logo-300x225-px-en-72-dpi-Gris.jpg","thumbnail_width":300,"thumbnail_height":225,"description":"Date limite pour les dossier : 9 f\u00e9vrier 2025 Le Centre de Cr\u00e9ation Contemporaine Nau C\u00f4clea de Camallera et le Centre d\u2019Art et de Photographie Lumi\u00e8re d\u2019Encre de C\u00e9ret proposent un programme de r\u00e9sidence visant \u00e0 offrir \u00e0 deux cr\u00e9ateurs le d\u00e9veloppement d\u2019un projet \u00e9crit et\/ou photographique qui prenne en compte la r\u00e9alit\u00e9 culturelle et sociale du Nord de la Catalogne et de l\u2019Alt Empord\u00e0.\u00c0 l\u2019issue de la r\u00e9sidence, l\u2019artiste ou artistes auront d\u00e9velopp\u00e9 un projet de recueil de po\u00e8mes, roman, roman graphique, reportage, carnet de voyage, r\u00e9cit ou r\u00e9cits, portraits, collection de photographies, etc., refl\u00e9tant des aspects historiques, \u00e9cologiques, \u00e9nerg\u00e9tiques, culturels, sociaux, etc., des r\u00e9alit\u00e9s des deux c\u00f4t\u00e9s de la fronti\u00e8re. La r\u00e9sidence de l\u2019artiste accueilli(e) par Nau C\u00f4clea est d\u00e9di\u00e9e \u00e0 l\u2019\u00e9criture en catalan et est ouverte \u00e0 tous les artistes r\u00e9sidant en Catalogne. La r\u00e9sidence de l\u2019artiste s\u00e9lectionn\u00e9(e) par Lumi\u00e8re d\u2019Encre est d\u00e9di\u00e9e \u00e0 la photographie et est ouverte \u00e0 tous les artistes r\u00e9sidant en France. T\u00e9l\u00e9charger l&rsquo;appel \u00e0 projets fran\u00e7ais T\u00e9l\u00e9charger l&rsquo;appel \u00e0 projets catalan"}